{"id":5733,"date":"2019-04-22T19:42:07","date_gmt":"2019-04-22T19:42:07","guid":{"rendered":"https:\/\/cedre-et-charme.fr\/fotos-videos-ferienhaus-zeder-und-charme\/"},"modified":"2023-11-16T08:57:51","modified_gmt":"2023-11-16T08:57:51","slug":"fotos-videos-ferienhaus-zeder-und-charme","status":"publish","type":"page","link":"https:\/\/cedre-et-charme.fr\/de\/fotos-videos-ferienhaus-zeder-und-charme\/","title":{"rendered":"Fotos und Videos des Ferienhauses C\u00e8dre et Charme"},"content":{"rendered":"<div class=\"fusion-fullwidth fullwidth-box fusion-builder-row-1 fusion-flex-container nonhundred-percent-fullwidth non-hundred-percent-height-scrolling ctnr-simple \" style=\"--awb-border-radius-top-left:0px;--awb-border-radius-top-right:0px;--awb-border-radius-bottom-right:0px;--awb-border-radius-bottom-left:0px;--awb-flex-wrap:wrap;\" ><div class=\"fusion-builder-row fusion-row fusion-flex-align-items-center fusion-flex-justify-content-center fusion-flex-content-wrap\" style=\"max-width:1456px;margin-left: calc(-4% \/ 2 );margin-right: calc(-4% \/ 2 );\"><div class=\"fusion-layout-column fusion_builder_column fusion-builder-column-0 fusion_builder_column_1_1 1_1 fusion-flex-column\" style=\"--awb-bg-size:cover;--awb-width-large:100%;--awb-margin-top-large:0px;--awb-spacing-right-large:1.92%;--awb-margin-bottom-large:0px;--awb-spacing-left-large:1.92%;--awb-width-medium:100%;--awb-order-medium:0;--awb-spacing-right-medium:1.92%;--awb-spacing-left-medium:1.92%;--awb-width-small:100%;--awb-order-small:0;--awb-spacing-right-small:1.92%;--awb-spacing-left-small:1.92%;\"><div class=\"fusion-column-wrapper fusion-column-has-shadow fusion-flex-justify-content-flex-start fusion-content-layout-column\"><div class=\"fusion-title title fusion-title-1 fusion-sep-none fusion-title-center fusion-title-text fusion-title-size-one\" style=\"--awb-margin-top-small:0px;--awb-margin-right-small:0px;--awb-margin-bottom-small:20px;--awb-margin-left-small:0px;\"><h1 class=\"fusion-title-heading title-heading-center\" style=\"margin:0;\">Fotos und Videos des Ferienhauses C\u00e8dre et Charme<\/h1><\/div><\/div><\/div><div class=\"fusion-layout-column fusion_builder_column fusion-builder-column-1 fusion_builder_column_3_4 3_4 fusion-flex-column\" style=\"--awb-bg-size:cover;--awb-width-large:75%;--awb-margin-top-large:0px;--awb-spacing-right-large:2.56%;--awb-margin-bottom-large:0px;--awb-spacing-left-large:2.56%;--awb-width-medium:100%;--awb-order-medium:0;--awb-spacing-right-medium:1.92%;--awb-spacing-left-medium:1.92%;--awb-width-small:100%;--awb-order-small:0;--awb-spacing-right-small:1.92%;--awb-spacing-left-small:1.92%;\"><div class=\"fusion-column-wrapper fusion-column-has-shadow fusion-flex-justify-content-flex-start fusion-content-layout-column\"><div class=\"fusion-text fusion-text-1 col-inside\" style=\"--awb-text-transform:none;\"><p>Hier ist eine Videoanimation, um Ihnen unser Cottage C\u00e8dre et Charme in einer Minute vorzustellen: besser als eine gro\u00dfe Rede ;-)<\/p>\n<\/div><div class=\"fusion-video fusion-youtube\" style=\"--awb-max-width:600px;--awb-max-height:360px;--awb-align-self:center;--awb-width:100%;\"><div class=\"video-shortcode\"><div class=\"fluid-width-video-wrapper\" style=\"padding-top:60%;\" ><iframe title=\"YouTube video player 1\" src=\"https:\/\/www.youtube.com\/embed\/erBsfCVysyo?wmode=transparent&autoplay=0\" width=\"600\" height=\"360\" allowfullscreen allow=\"autoplay; clipboard-write; encrypted-media; gyroscope; picture-in-picture;\"><\/iframe><\/div><\/div><\/div><\/div><\/div><div class=\"fusion-layout-column fusion_builder_column fusion-builder-column-2 fusion_builder_column_1_1 1_1 fusion-flex-column col-photos\" style=\"--awb-bg-size:cover;--awb-width-large:100%;--awb-margin-top-large:0px;--awb-spacing-right-large:1.92%;--awb-margin-bottom-large:0px;--awb-spacing-left-large:1.92%;--awb-width-medium:100%;--awb-order-medium:0;--awb-spacing-right-medium:1.92%;--awb-spacing-left-medium:1.92%;--awb-width-small:100%;--awb-order-small:0;--awb-spacing-right-small:1.92%;--awb-spacing-left-small:1.92%;\"><div class=\"fusion-column-wrapper fusion-column-has-shadow fusion-flex-justify-content-flex-start fusion-content-layout-column\"><div class=\"fusion-text fusion-text-2\" style=\"--awb-content-alignment:center;--awb-text-transform:none;\"><p>Und noch ein paar Fotos, damit Sie sich in die angenehme Atmosph\u00e4re des Hauses hineinversetzen k\u00f6nnen:<\/p>\n<\/div><div class=\"fusion-builder-row fusion-builder-row-inner fusion-row fusion-flex-align-items-center fusion-flex-justify-content-center fusion-flex-content-wrap\" style=\"--awb-flex-grow:0;--awb-flex-grow-medium:0;--awb-flex-grow-small:0;--awb-flex-shrink:0;--awb-flex-shrink-medium:0;--awb-flex-shrink-small:0;width:104% !important;max-width:104% !important;margin-left: calc(-4% \/ 2 );margin-right: calc(-4% \/ 2 );\"><div class=\"fusion-layout-column fusion_builder_column_inner fusion-builder-nested-column-0 fusion_builder_column_inner_1_4 1_4 fusion-flex-column col-tab-image\" style=\"--awb-bg-size:cover;--awb-width-large:25%;--awb-margin-top-large:0px;--awb-spacing-right-large:7.68%;--awb-margin-bottom-large:0px;--awb-spacing-left-large:7.68%;--awb-width-medium:100%;--awb-order-medium:0;--awb-spacing-right-medium:1.92%;--awb-spacing-left-medium:1.92%;--awb-width-small:100%;--awb-order-small:0;--awb-spacing-right-small:1.92%;--awb-spacing-left-small:1.92%;\"><div class=\"fusion-column-wrapper fusion-column-has-shadow fusion-flex-justify-content-flex-start fusion-content-layout-column\"><div class=\"fusion-image-element \" style=\"--awb-caption-title-font-family:var(--h2_typography-font-family);--awb-caption-title-font-weight:var(--h2_typography-font-weight);--awb-caption-title-font-style:var(--h2_typography-font-style);--awb-caption-title-size:var(--h2_typography-font-size);--awb-caption-title-transform:var(--h2_typography-text-transform);--awb-caption-title-line-height:var(--h2_typography-line-height);--awb-caption-title-letter-spacing:var(--h2_typography-letter-spacing);\"><span class=\" fusion-imageframe imageframe-none imageframe-1 hover-type-none\"><a href=\"https:\/\/cedre-et-charme.fr\/wp-content\/uploads\/2022\/03\/Chambres-dhotes-en-Touraine-Cedre-et-Charme-15-Piscine-ouverte-et-transats-2-min.jpg\" class=\"fusion-lightbox\" data-rel=\"iLightbox[Bezeichnung]\" data-caption=\"Chambres-dh\u00f4tes-en-Touraine-C\u00e8dre-et-Charme-15-Piscine-ouverte-et-transats-2-min\" data-title=\"Chambres-dh\u00f4tes-en-Touraine-C\u00e8dre-et-Charme-15-Piscine-ouverte-et-transats-2-min\" title=\"Chambres-dh\u00f4tes-en-Touraine-C\u00e8dre-et-Charme-15-Piscine-ouverte-et-transats-2-min\"><img decoding=\"async\" width=\"1024\" height=\"768\" alt=\"C\u00e8dre et Charme - Piscine couverte et ses transats\" src=\"https:\/\/cedre-et-charme.fr\/wp-content\/uploads\/2022\/03\/Chambres-dhotes-en-Touraine-Cedre-et-Charme-15-Piscine-ouverte-et-transats-2-min.jpg\" class=\"img-responsive wp-image-5394\" srcset=\"https:\/\/cedre-et-charme.fr\/wp-content\/uploads\/2022\/03\/Chambres-dhotes-en-Touraine-Cedre-et-Charme-15-Piscine-ouverte-et-transats-2-min-200x150.jpg 200w, https:\/\/cedre-et-charme.fr\/wp-content\/uploads\/2022\/03\/Chambres-dhotes-en-Touraine-Cedre-et-Charme-15-Piscine-ouverte-et-transats-2-min-400x300.jpg 400w, https:\/\/cedre-et-charme.fr\/wp-content\/uploads\/2022\/03\/Chambres-dhotes-en-Touraine-Cedre-et-Charme-15-Piscine-ouverte-et-transats-2-min-600x450.jpg 600w, https:\/\/cedre-et-charme.fr\/wp-content\/uploads\/2022\/03\/Chambres-dhotes-en-Touraine-Cedre-et-Charme-15-Piscine-ouverte-et-transats-2-min-800x600.jpg 800w, https:\/\/cedre-et-charme.fr\/wp-content\/uploads\/2022\/03\/Chambres-dhotes-en-Touraine-Cedre-et-Charme-15-Piscine-ouverte-et-transats-2-min.jpg 1024w\" sizes=\"(max-width: 1024px) 100vw, (max-width: 640px) 100vw, 400px\" \/><\/a><\/span><\/div><div class=\"fusion-text fusion-text-3 legende\" style=\"--awb-text-transform:none;\"><p>Sicheres und beheiztes \u00fcberdachtes Schwimmbad von April bis November<\/p>\n<\/div><\/div><\/div><div class=\"fusion-layout-column fusion_builder_column_inner fusion-builder-nested-column-1 fusion_builder_column_inner_1_4 1_4 fusion-flex-column col-tab-image\" style=\"--awb-bg-size:cover;--awb-width-large:25%;--awb-margin-top-large:0px;--awb-spacing-right-large:7.68%;--awb-margin-bottom-large:0px;--awb-spacing-left-large:7.68%;--awb-width-medium:100%;--awb-order-medium:0;--awb-spacing-right-medium:1.92%;--awb-spacing-left-medium:1.92%;--awb-width-small:100%;--awb-order-small:0;--awb-spacing-right-small:1.92%;--awb-spacing-left-small:1.92%;\"><div class=\"fusion-column-wrapper fusion-column-has-shadow fusion-flex-justify-content-flex-start fusion-content-layout-column\"><div class=\"fusion-image-element \" style=\"--awb-caption-title-font-family:var(--h2_typography-font-family);--awb-caption-title-font-weight:var(--h2_typography-font-weight);--awb-caption-title-font-style:var(--h2_typography-font-style);--awb-caption-title-size:var(--h2_typography-font-size);--awb-caption-title-transform:var(--h2_typography-text-transform);--awb-caption-title-line-height:var(--h2_typography-line-height);--awb-caption-title-letter-spacing:var(--h2_typography-letter-spacing);\"><span class=\" fusion-imageframe imageframe-none imageframe-2 hover-type-none\"><a href=\"https:\/\/cedre-et-charme.fr\/wp-content\/uploads\/2022\/03\/Chambres-dhotes-en-Touraine-Cedre-et-Charme-13-Jardin-en-fleur-et-piscine-min.jpg\" class=\"fusion-lightbox\" data-rel=\"iLightbox[Bezeichnung]\" data-caption=\"Parc et piscine couverte\" data-title=\"Chambres-dh\u00f4tes-en-Touraine-C\u00e8dre-et-Charme-13-Jardin-en-fleur-et-piscine-min\" title=\"Chambres-dh\u00f4tes-en-Touraine-C\u00e8dre-et-Charme-13-Jardin-en-fleur-et-piscine-min\"><img decoding=\"async\" width=\"1024\" height=\"768\" alt=\"Parc et piscine couverte\" src=\"https:\/\/cedre-et-charme.fr\/wp-content\/uploads\/2022\/03\/Chambres-dhotes-en-Touraine-Cedre-et-Charme-13-Jardin-en-fleur-et-piscine-min.jpg\" class=\"img-responsive wp-image-5390\" srcset=\"https:\/\/cedre-et-charme.fr\/wp-content\/uploads\/2022\/03\/Chambres-dhotes-en-Touraine-Cedre-et-Charme-13-Jardin-en-fleur-et-piscine-min-200x150.jpg 200w, https:\/\/cedre-et-charme.fr\/wp-content\/uploads\/2022\/03\/Chambres-dhotes-en-Touraine-Cedre-et-Charme-13-Jardin-en-fleur-et-piscine-min-400x300.jpg 400w, https:\/\/cedre-et-charme.fr\/wp-content\/uploads\/2022\/03\/Chambres-dhotes-en-Touraine-Cedre-et-Charme-13-Jardin-en-fleur-et-piscine-min-600x450.jpg 600w, https:\/\/cedre-et-charme.fr\/wp-content\/uploads\/2022\/03\/Chambres-dhotes-en-Touraine-Cedre-et-Charme-13-Jardin-en-fleur-et-piscine-min-800x600.jpg 800w, https:\/\/cedre-et-charme.fr\/wp-content\/uploads\/2022\/03\/Chambres-dhotes-en-Touraine-Cedre-et-Charme-13-Jardin-en-fleur-et-piscine-min.jpg 1024w\" sizes=\"(max-width: 1024px) 100vw, (max-width: 640px) 100vw, 400px\" \/><\/a><\/span><\/div><div class=\"fusion-text fusion-text-4 legende\" style=\"--awb-text-transform:none;\"><p>G\u00e4stehaus C\u00e8dre et Charme \u2013 Hallenbad und Liegest\u00fchle<\/p>\n<\/div><\/div><\/div><div class=\"fusion-layout-column fusion_builder_column_inner fusion-builder-nested-column-2 fusion_builder_column_inner_1_4 1_4 fusion-flex-column col-tab-image\" style=\"--awb-bg-size:cover;--awb-width-large:25%;--awb-margin-top-large:0px;--awb-spacing-right-large:7.68%;--awb-margin-bottom-large:0px;--awb-spacing-left-large:7.68%;--awb-width-medium:100%;--awb-order-medium:0;--awb-spacing-right-medium:1.92%;--awb-spacing-left-medium:1.92%;--awb-width-small:100%;--awb-order-small:0;--awb-spacing-right-small:1.92%;--awb-spacing-left-small:1.92%;\"><div class=\"fusion-column-wrapper fusion-column-has-shadow fusion-flex-justify-content-flex-start fusion-content-layout-column\"><div class=\"fusion-image-element \" style=\"--awb-caption-title-font-family:var(--h2_typography-font-family);--awb-caption-title-font-weight:var(--h2_typography-font-weight);--awb-caption-title-font-style:var(--h2_typography-font-style);--awb-caption-title-size:var(--h2_typography-font-size);--awb-caption-title-transform:var(--h2_typography-text-transform);--awb-caption-title-line-height:var(--h2_typography-line-height);--awb-caption-title-letter-spacing:var(--h2_typography-letter-spacing);\"><span class=\" fusion-imageframe imageframe-none imageframe-3 hover-type-none\"><a href=\"https:\/\/cedre-et-charme.fr\/wp-content\/uploads\/2022\/03\/Chambres-dhotes-en-Touraine-Cedre-et-Charme-Fenetres-et-chiens-assis-slider-200ko-min.jpg\" class=\"fusion-lightbox\" data-rel=\"iLightbox[Bezeichnung]\" data-caption=\"C\u00e8dre et Charme - Fen\u00eatres et chiens assis\" data-title=\"Chambres-dh\u00f4tes-en-Touraine-C\u00e8dre-et-Charme-Fen\u00eatres-et-chiens-assis-slider-200ko-min\" title=\"Chambres-dh\u00f4tes-en-Touraine-C\u00e8dre-et-Charme-Fen\u00eatres-et-chiens-assis-slider-200ko-min\"><img decoding=\"async\" width=\"1024\" height=\"459\" alt=\"C\u00e8dre et Charme - Fen\u00eatres et chiens assis\" src=\"https:\/\/cedre-et-charme.fr\/wp-content\/uploads\/2022\/03\/Chambres-dhotes-en-Touraine-Cedre-et-Charme-Fenetres-et-chiens-assis-slider-200ko-min.jpg\" class=\"img-responsive wp-image-5404\" srcset=\"https:\/\/cedre-et-charme.fr\/wp-content\/uploads\/2022\/03\/Chambres-dhotes-en-Touraine-Cedre-et-Charme-Fenetres-et-chiens-assis-slider-200ko-min-200x90.jpg 200w, https:\/\/cedre-et-charme.fr\/wp-content\/uploads\/2022\/03\/Chambres-dhotes-en-Touraine-Cedre-et-Charme-Fenetres-et-chiens-assis-slider-200ko-min-400x179.jpg 400w, https:\/\/cedre-et-charme.fr\/wp-content\/uploads\/2022\/03\/Chambres-dhotes-en-Touraine-Cedre-et-Charme-Fenetres-et-chiens-assis-slider-200ko-min-600x269.jpg 600w, https:\/\/cedre-et-charme.fr\/wp-content\/uploads\/2022\/03\/Chambres-dhotes-en-Touraine-Cedre-et-Charme-Fenetres-et-chiens-assis-slider-200ko-min-800x359.jpg 800w, https:\/\/cedre-et-charme.fr\/wp-content\/uploads\/2022\/03\/Chambres-dhotes-en-Touraine-Cedre-et-Charme-Fenetres-et-chiens-assis-slider-200ko-min.jpg 1024w\" sizes=\"(max-width: 1024px) 100vw, (max-width: 640px) 100vw, 400px\" \/><\/a><\/span><\/div><div class=\"fusion-text fusion-text-5 legende\" style=\"--awb-text-transform:none;\"><p>C\u00e8dre et Charme \u2013 Fenster und sitzende Hunde<\/p>\n<\/div><\/div><\/div><div class=\"fusion-layout-column fusion_builder_column_inner fusion-builder-nested-column-3 fusion_builder_column_inner_1_4 1_4 fusion-flex-column col-tab-image\" style=\"--awb-bg-size:cover;--awb-width-large:25%;--awb-margin-top-large:0px;--awb-spacing-right-large:7.68%;--awb-margin-bottom-large:0px;--awb-spacing-left-large:7.68%;--awb-width-medium:100%;--awb-order-medium:0;--awb-spacing-right-medium:1.92%;--awb-spacing-left-medium:1.92%;--awb-width-small:100%;--awb-order-small:0;--awb-spacing-right-small:1.92%;--awb-spacing-left-small:1.92%;\"><div class=\"fusion-column-wrapper fusion-column-has-shadow fusion-flex-justify-content-flex-start fusion-content-layout-column\"><div class=\"fusion-image-element \" style=\"--awb-caption-title-font-family:var(--h2_typography-font-family);--awb-caption-title-font-weight:var(--h2_typography-font-weight);--awb-caption-title-font-style:var(--h2_typography-font-style);--awb-caption-title-size:var(--h2_typography-font-size);--awb-caption-title-transform:var(--h2_typography-text-transform);--awb-caption-title-line-height:var(--h2_typography-line-height);--awb-caption-title-letter-spacing:var(--h2_typography-letter-spacing);\"><span class=\" fusion-imageframe imageframe-none imageframe-4 hover-type-none\"><a href=\"https:\/\/cedre-et-charme.fr\/wp-content\/uploads\/2016\/01\/IMG_20210424_191326339-scaled.jpg\" class=\"fusion-lightbox\" data-rel=\"iLightbox[Bezeichnung]\" data-caption=\"Grand salon C\u00e8dre et Charme\" data-title=\"IMG_20210424_191326339\" title=\"IMG_20210424_191326339\"><img decoding=\"async\" width=\"2560\" height=\"1920\" alt=\"Grand salon C\u00e8dre et Charme\" src=\"https:\/\/cedre-et-charme.fr\/wp-content\/uploads\/2016\/01\/IMG_20210424_191326339-scaled.jpg\" class=\"img-responsive wp-image-6687\" srcset=\"https:\/\/cedre-et-charme.fr\/wp-content\/uploads\/2016\/01\/IMG_20210424_191326339-200x150.jpg 200w, https:\/\/cedre-et-charme.fr\/wp-content\/uploads\/2016\/01\/IMG_20210424_191326339-400x300.jpg 400w, https:\/\/cedre-et-charme.fr\/wp-content\/uploads\/2016\/01\/IMG_20210424_191326339-600x450.jpg 600w, https:\/\/cedre-et-charme.fr\/wp-content\/uploads\/2016\/01\/IMG_20210424_191326339-800x600.jpg 800w, https:\/\/cedre-et-charme.fr\/wp-content\/uploads\/2016\/01\/IMG_20210424_191326339-1200x900.jpg 1200w, https:\/\/cedre-et-charme.fr\/wp-content\/uploads\/2016\/01\/IMG_20210424_191326339-scaled.jpg 2560w\" sizes=\"(max-width: 1024px) 100vw, (max-width: 640px) 100vw, 400px\" \/><\/a><\/span><\/div><div class=\"fusion-text fusion-text-6 legende\" style=\"--awb-text-transform:none;\"><p>C\u00e8dre et Charme \u2013 Esszimmer und gro\u00dfes Wohnzimmer<\/p>\n<\/div><\/div><\/div><div class=\"fusion-layout-column fusion_builder_column_inner fusion-builder-nested-column-4 fusion_builder_column_inner_1_4 1_4 fusion-flex-column col-tab-image\" style=\"--awb-bg-size:cover;--awb-width-large:25%;--awb-margin-top-large:0px;--awb-spacing-right-large:7.68%;--awb-margin-bottom-large:0px;--awb-spacing-left-large:7.68%;--awb-width-medium:100%;--awb-order-medium:0;--awb-spacing-right-medium:1.92%;--awb-spacing-left-medium:1.92%;--awb-width-small:100%;--awb-order-small:0;--awb-spacing-right-small:1.92%;--awb-spacing-left-small:1.92%;\"><div class=\"fusion-column-wrapper fusion-column-has-shadow fusion-flex-justify-content-flex-start fusion-content-layout-column\"><div class=\"fusion-image-element \" style=\"--awb-caption-title-font-family:var(--h2_typography-font-family);--awb-caption-title-font-weight:var(--h2_typography-font-weight);--awb-caption-title-font-style:var(--h2_typography-font-style);--awb-caption-title-size:var(--h2_typography-font-size);--awb-caption-title-transform:var(--h2_typography-text-transform);--awb-caption-title-line-height:var(--h2_typography-line-height);--awb-caption-title-letter-spacing:var(--h2_typography-letter-spacing);\"><span class=\" fusion-imageframe imageframe-none imageframe-5 hover-type-none\"><a href=\"https:\/\/cedre-et-charme.fr\/wp-content\/uploads\/2016\/01\/IMG_20210424_191855082-scaled.jpg\" class=\"fusion-lightbox\" data-rel=\"iLightbox[Bezeichnung]\" data-caption=\"Salon bleu C\u00e8dre et Charme \" data-title=\"IMG_20210424_191855082\" title=\"IMG_20210424_191855082\"><img decoding=\"async\" width=\"2560\" height=\"1920\" alt=\"Salon bleu\" src=\"https:\/\/cedre-et-charme.fr\/wp-content\/uploads\/2016\/01\/IMG_20210424_191855082-scaled.jpg\" class=\"img-responsive wp-image-6684\" srcset=\"https:\/\/cedre-et-charme.fr\/wp-content\/uploads\/2016\/01\/IMG_20210424_191855082-200x150.jpg 200w, https:\/\/cedre-et-charme.fr\/wp-content\/uploads\/2016\/01\/IMG_20210424_191855082-400x300.jpg 400w, https:\/\/cedre-et-charme.fr\/wp-content\/uploads\/2016\/01\/IMG_20210424_191855082-600x450.jpg 600w, https:\/\/cedre-et-charme.fr\/wp-content\/uploads\/2016\/01\/IMG_20210424_191855082-800x600.jpg 800w, https:\/\/cedre-et-charme.fr\/wp-content\/uploads\/2016\/01\/IMG_20210424_191855082-1200x900.jpg 1200w, https:\/\/cedre-et-charme.fr\/wp-content\/uploads\/2016\/01\/IMG_20210424_191855082-scaled.jpg 2560w\" sizes=\"(max-width: 1024px) 100vw, (max-width: 640px) 100vw, 400px\" \/><\/a><\/span><\/div><div class=\"fusion-text fusion-text-7 legende\" style=\"--awb-text-transform:none;\"><p>Zeder und Charme \u2013 Gr\u00fcnes Zimmer<\/p>\n<\/div><\/div><\/div><div class=\"fusion-layout-column fusion_builder_column_inner fusion-builder-nested-column-5 fusion_builder_column_inner_1_4 1_4 fusion-flex-column col-tab-image\" style=\"--awb-bg-size:cover;--awb-width-large:25%;--awb-margin-top-large:0px;--awb-spacing-right-large:7.68%;--awb-margin-bottom-large:0px;--awb-spacing-left-large:7.68%;--awb-width-medium:100%;--awb-order-medium:0;--awb-spacing-right-medium:1.92%;--awb-spacing-left-medium:1.92%;--awb-width-small:100%;--awb-order-small:0;--awb-spacing-right-small:1.92%;--awb-spacing-left-small:1.92%;\"><div class=\"fusion-column-wrapper fusion-column-has-shadow fusion-flex-justify-content-flex-start fusion-content-layout-column\"><div class=\"fusion-image-element \" style=\"--awb-caption-title-font-family:var(--h2_typography-font-family);--awb-caption-title-font-weight:var(--h2_typography-font-weight);--awb-caption-title-font-style:var(--h2_typography-font-style);--awb-caption-title-size:var(--h2_typography-font-size);--awb-caption-title-transform:var(--h2_typography-text-transform);--awb-caption-title-line-height:var(--h2_typography-line-height);--awb-caption-title-letter-spacing:var(--h2_typography-letter-spacing);\"><span class=\" fusion-imageframe imageframe-none imageframe-6 hover-type-none\"><a href=\"https:\/\/cedre-et-charme.fr\/wp-content\/uploads\/2013\/11\/Chambres-dh\u00f4tes-en-Touraine-C\u00e8dre-et-Charme-Chambre-Romance-160k.jpg\" class=\"fusion-lightbox\" data-rel=\"iLightbox[Bezeichnung]\" data-caption=\"C\u00e8dre et Charme - Chambre Romance\" data-title=\"??????????\" title=\"??????????\"><img decoding=\"async\" width=\"1024\" height=\"768\" alt=\"C\u00e8dre et Charme - Chambre Romance\" src=\"https:\/\/cedre-et-charme.fr\/wp-content\/uploads\/2013\/11\/Chambres-dh\u00f4tes-en-Touraine-C\u00e8dre-et-Charme-Chambre-Romance-160k.jpg\" class=\"img-responsive wp-image-5062\" srcset=\"https:\/\/cedre-et-charme.fr\/wp-content\/uploads\/2013\/11\/Chambres-dh\u00f4tes-en-Touraine-C\u00e8dre-et-Charme-Chambre-Romance-160k-100x75.jpg 100w, https:\/\/cedre-et-charme.fr\/wp-content\/uploads\/2013\/11\/Chambres-dh\u00f4tes-en-Touraine-C\u00e8dre-et-Charme-Chambre-Romance-160k-300x225.jpg 300w, https:\/\/cedre-et-charme.fr\/wp-content\/uploads\/2013\/11\/Chambres-dh\u00f4tes-en-Touraine-C\u00e8dre-et-Charme-Chambre-Romance-160k.jpg 1024w\" sizes=\"(max-width: 1024px) 100vw, 1024px\" \/><\/a><\/span><\/div><div class=\"fusion-text fusion-text-8 legende\" style=\"--awb-text-transform:none;\"><div id=\"attachment_847\" class=\"wp-caption aligncenter\">\n<p id=\"caption-attachment-847\" class=\"wp-caption-text\">Maison C\u00e8dre et Charme \u2013 Romantikzimmer mit Kamin und Schreibtisch<\/p>\n<\/div>\n<\/div><\/div><\/div><div class=\"fusion-layout-column fusion_builder_column_inner fusion-builder-nested-column-6 fusion_builder_column_inner_1_4 1_4 fusion-flex-column col-tab-image\" style=\"--awb-bg-size:cover;--awb-width-large:25%;--awb-margin-top-large:0px;--awb-spacing-right-large:7.68%;--awb-margin-bottom-large:0px;--awb-spacing-left-large:7.68%;--awb-width-medium:100%;--awb-order-medium:0;--awb-spacing-right-medium:1.92%;--awb-spacing-left-medium:1.92%;--awb-width-small:100%;--awb-order-small:0;--awb-spacing-right-small:1.92%;--awb-spacing-left-small:1.92%;\"><div class=\"fusion-column-wrapper fusion-column-has-shadow fusion-flex-justify-content-flex-start fusion-content-layout-column\"><div class=\"fusion-image-element \" style=\"--awb-caption-title-font-family:var(--h2_typography-font-family);--awb-caption-title-font-weight:var(--h2_typography-font-weight);--awb-caption-title-font-style:var(--h2_typography-font-style);--awb-caption-title-size:var(--h2_typography-font-size);--awb-caption-title-transform:var(--h2_typography-text-transform);--awb-caption-title-line-height:var(--h2_typography-line-height);--awb-caption-title-letter-spacing:var(--h2_typography-letter-spacing);\"><span class=\" fusion-imageframe imageframe-none imageframe-7 hover-type-none\"><a href=\"https:\/\/cedre-et-charme.fr\/wp-content\/uploads\/2013\/11\/Chambres-dh\u00f4tes-en-Touraine-C\u00e8dre-et-Charme-salle-de-bain-Romance-250k1.jpg\" class=\"fusion-lightbox\" data-rel=\"iLightbox[Bezeichnung]\" data-caption=\"C\u00e8dre et Charme - salle de bain Romance \"><img decoding=\"async\" width=\"768\" height=\"1024\" alt=\"Chambres d&#039;h\u00f4tes en Touraine - C\u00e8dre et Charme - salle de bain Romance \" src=\"https:\/\/cedre-et-charme.fr\/wp-content\/uploads\/2013\/11\/Chambres-dh\u00f4tes-en-Touraine-C\u00e8dre-et-Charme-salle-de-bain-Romance-250k1.jpg\" class=\"img-responsive wp-image-5012\" srcset=\"https:\/\/cedre-et-charme.fr\/wp-content\/uploads\/2013\/11\/Chambres-dh\u00f4tes-en-Touraine-C\u00e8dre-et-Charme-salle-de-bain-Romance-250k1-75x100.jpg 75w, https:\/\/cedre-et-charme.fr\/wp-content\/uploads\/2013\/11\/Chambres-dh\u00f4tes-en-Touraine-C\u00e8dre-et-Charme-salle-de-bain-Romance-250k1-225x300.jpg 225w, https:\/\/cedre-et-charme.fr\/wp-content\/uploads\/2013\/11\/Chambres-dh\u00f4tes-en-Touraine-C\u00e8dre-et-Charme-salle-de-bain-Romance-250k1.jpg 768w\" sizes=\"(max-width: 768px) 100vw, 768px\" \/><\/a><\/span><\/div><div class=\"fusion-text fusion-text-9 legende\" style=\"--awb-text-transform:none;\"><p>Zeder und Charme \u2013 Romantik Badezimmer<\/p>\n<\/div><\/div><\/div><div class=\"fusion-layout-column fusion_builder_column_inner fusion-builder-nested-column-7 fusion_builder_column_inner_1_4 1_4 fusion-flex-column col-tab-image\" style=\"--awb-bg-size:cover;--awb-width-large:25%;--awb-margin-top-large:0px;--awb-spacing-right-large:7.68%;--awb-margin-bottom-large:0px;--awb-spacing-left-large:7.68%;--awb-width-medium:100%;--awb-order-medium:0;--awb-spacing-right-medium:1.92%;--awb-spacing-left-medium:1.92%;--awb-width-small:100%;--awb-order-small:0;--awb-spacing-right-small:1.92%;--awb-spacing-left-small:1.92%;\"><div class=\"fusion-column-wrapper fusion-column-has-shadow fusion-flex-justify-content-flex-start fusion-content-layout-column\"><div class=\"fusion-image-element \" style=\"--awb-caption-title-font-family:var(--h2_typography-font-family);--awb-caption-title-font-weight:var(--h2_typography-font-weight);--awb-caption-title-font-style:var(--h2_typography-font-style);--awb-caption-title-size:var(--h2_typography-font-size);--awb-caption-title-transform:var(--h2_typography-text-transform);--awb-caption-title-line-height:var(--h2_typography-line-height);--awb-caption-title-letter-spacing:var(--h2_typography-letter-spacing);\"><span class=\" fusion-imageframe imageframe-none imageframe-8 hover-type-none\"><a href=\"https:\/\/cedre-et-charme.fr\/wp-content\/uploads\/2013\/11\/Chambres-dh\u00f4tes-en-Touraine-C\u00e8dre-et-Charme-Chambre-Harmonie-2-160k.jpg\" class=\"fusion-lightbox\" data-rel=\"iLightbox[Bezeichnung]\" data-caption=\"Chambre Harmonie\" data-title=\"Chambre Harmonie\" title=\"Chambre Harmonie\"><img decoding=\"async\" width=\"1024\" height=\"768\" src=\"https:\/\/cedre-et-charme.fr\/wp-content\/uploads\/2013\/11\/Chambres-dh\u00f4tes-en-Touraine-C\u00e8dre-et-Charme-Chambre-Harmonie-2-160k.jpg\" alt class=\"img-responsive wp-image-5052\" srcset=\"https:\/\/cedre-et-charme.fr\/wp-content\/uploads\/2013\/11\/Chambres-dh\u00f4tes-en-Touraine-C\u00e8dre-et-Charme-Chambre-Harmonie-2-160k-100x75.jpg 100w, https:\/\/cedre-et-charme.fr\/wp-content\/uploads\/2013\/11\/Chambres-dh\u00f4tes-en-Touraine-C\u00e8dre-et-Charme-Chambre-Harmonie-2-160k-300x225.jpg 300w, https:\/\/cedre-et-charme.fr\/wp-content\/uploads\/2013\/11\/Chambres-dh\u00f4tes-en-Touraine-C\u00e8dre-et-Charme-Chambre-Harmonie-2-160k.jpg 1024w\" sizes=\"(max-width: 1024px) 100vw, 1024px\" \/><\/a><\/span><\/div><div class=\"fusion-text fusion-text-10 legende\" style=\"--awb-text-transform:none;\"><p>C\u00e8dre et Charme \u2013 Harmoniezimmer mit gro\u00dfem Spiegel und Schreibtisch<\/p>\n<\/div><\/div><\/div><div class=\"fusion-layout-column fusion_builder_column_inner fusion-builder-nested-column-8 fusion_builder_column_inner_1_4 1_4 fusion-flex-column col-tab-image\" style=\"--awb-bg-size:cover;--awb-width-large:25%;--awb-margin-top-large:0px;--awb-spacing-right-large:7.68%;--awb-margin-bottom-large:0px;--awb-spacing-left-large:7.68%;--awb-width-medium:100%;--awb-order-medium:0;--awb-spacing-right-medium:1.92%;--awb-spacing-left-medium:1.92%;--awb-width-small:100%;--awb-order-small:0;--awb-spacing-right-small:1.92%;--awb-spacing-left-small:1.92%;\"><div class=\"fusion-column-wrapper fusion-column-has-shadow fusion-flex-justify-content-flex-start fusion-content-layout-column\"><div class=\"fusion-image-element \" style=\"--awb-caption-title-font-family:var(--h2_typography-font-family);--awb-caption-title-font-weight:var(--h2_typography-font-weight);--awb-caption-title-font-style:var(--h2_typography-font-style);--awb-caption-title-size:var(--h2_typography-font-size);--awb-caption-title-transform:var(--h2_typography-text-transform);--awb-caption-title-line-height:var(--h2_typography-line-height);--awb-caption-title-letter-spacing:var(--h2_typography-letter-spacing);\"><span class=\" fusion-imageframe imageframe-none imageframe-9 hover-type-none\"><a href=\"https:\/\/cedre-et-charme.fr\/wp-content\/uploads\/2022\/03\/Chambres-dhotes-en-Touraine-Cedre-et-Charme-Salle-de-bain-Harmonie-200ko-min.jpg\" class=\"fusion-lightbox\" data-rel=\"iLightbox[Bezeichnung]\" data-caption=\"C\u00e8dre et Charme - Chambre Harmonie\" data-title=\"Chambres-dh\u00f4tes-en-Touraine-C\u00e8dre-et-Charme-Salle-de-bain-Harmonie-200ko-min\" title=\"Chambres-dh\u00f4tes-en-Touraine-C\u00e8dre-et-Charme-Salle-de-bain-Harmonie-200ko-min\"><img decoding=\"async\" width=\"768\" height=\"1024\" alt=\"C\u00e8dre et Charme - Chambre Romance\" src=\"https:\/\/cedre-et-charme.fr\/wp-content\/uploads\/2022\/03\/Chambres-dhotes-en-Touraine-Cedre-et-Charme-Salle-de-bain-Harmonie-200ko-min.jpg\" class=\"img-responsive wp-image-5408\" srcset=\"https:\/\/cedre-et-charme.fr\/wp-content\/uploads\/2022\/03\/Chambres-dhotes-en-Touraine-Cedre-et-Charme-Salle-de-bain-Harmonie-200ko-min-200x267.jpg 200w, https:\/\/cedre-et-charme.fr\/wp-content\/uploads\/2022\/03\/Chambres-dhotes-en-Touraine-Cedre-et-Charme-Salle-de-bain-Harmonie-200ko-min-400x533.jpg 400w, https:\/\/cedre-et-charme.fr\/wp-content\/uploads\/2022\/03\/Chambres-dhotes-en-Touraine-Cedre-et-Charme-Salle-de-bain-Harmonie-200ko-min-600x800.jpg 600w, https:\/\/cedre-et-charme.fr\/wp-content\/uploads\/2022\/03\/Chambres-dhotes-en-Touraine-Cedre-et-Charme-Salle-de-bain-Harmonie-200ko-min.jpg 768w\" sizes=\"(max-width: 1024px) 100vw, (max-width: 640px) 100vw, 400px\" \/><\/a><\/span><\/div><div class=\"fusion-text fusion-text-11 legende\" style=\"--awb-text-transform:none;\"><p>Zeder und Charme \u2013 Harmony Badezimmer<\/p>\n<\/div><\/div><\/div><div class=\"fusion-layout-column fusion_builder_column_inner fusion-builder-nested-column-9 fusion_builder_column_inner_1_4 1_4 fusion-flex-column col-tab-image\" style=\"--awb-bg-size:cover;--awb-width-large:25%;--awb-margin-top-large:0px;--awb-spacing-right-large:7.68%;--awb-margin-bottom-large:0px;--awb-spacing-left-large:7.68%;--awb-width-medium:100%;--awb-order-medium:0;--awb-spacing-right-medium:1.92%;--awb-spacing-left-medium:1.92%;--awb-width-small:100%;--awb-order-small:0;--awb-spacing-right-small:1.92%;--awb-spacing-left-small:1.92%;\"><div class=\"fusion-column-wrapper fusion-column-has-shadow fusion-flex-justify-content-flex-start fusion-content-layout-column\"><div class=\"fusion-image-element \" style=\"--awb-caption-title-font-family:var(--h2_typography-font-family);--awb-caption-title-font-weight:var(--h2_typography-font-weight);--awb-caption-title-font-style:var(--h2_typography-font-style);--awb-caption-title-size:var(--h2_typography-font-size);--awb-caption-title-transform:var(--h2_typography-text-transform);--awb-caption-title-line-height:var(--h2_typography-line-height);--awb-caption-title-letter-spacing:var(--h2_typography-letter-spacing);\"><span class=\" fusion-imageframe imageframe-none imageframe-10 hover-type-none\"><a href=\"https:\/\/cedre-et-charme.fr\/wp-content\/uploads\/2022\/03\/Chambres-dhotes-Cedre-et-Charme-chambre-Melodie-200ko-e1631636967423.jpg\" class=\"fusion-lightbox\" data-rel=\"iLightbox[Bezeichnung]\" data-caption=\"C\u00e8dre et Charme - Chambre M\u00e9lodie\" data-title=\"Chambres-dh\u00f4tes-C\u00e8dre-et-Charme-chambre-M\u00e9lodie-200ko-e1631636967423\" title=\"Chambres-dh\u00f4tes-C\u00e8dre-et-Charme-chambre-M\u00e9lodie-200ko-e1631636967423\"><img decoding=\"async\" width=\"768\" height=\"1024\" src=\"https:\/\/cedre-et-charme.fr\/wp-content\/uploads\/2022\/03\/Chambres-dhotes-Cedre-et-Charme-chambre-Melodie-200ko-e1631636967423.jpg\" alt class=\"img-responsive wp-image-5456\" srcset=\"https:\/\/cedre-et-charme.fr\/wp-content\/uploads\/2022\/03\/Chambres-dhotes-Cedre-et-Charme-chambre-Melodie-200ko-e1631636967423-200x267.jpg 200w, https:\/\/cedre-et-charme.fr\/wp-content\/uploads\/2022\/03\/Chambres-dhotes-Cedre-et-Charme-chambre-Melodie-200ko-e1631636967423-400x533.jpg 400w, https:\/\/cedre-et-charme.fr\/wp-content\/uploads\/2022\/03\/Chambres-dhotes-Cedre-et-Charme-chambre-Melodie-200ko-e1631636967423-600x800.jpg 600w, https:\/\/cedre-et-charme.fr\/wp-content\/uploads\/2022\/03\/Chambres-dhotes-Cedre-et-Charme-chambre-Melodie-200ko-e1631636967423.jpg 768w\" sizes=\"(max-width: 1024px) 100vw, (max-width: 640px) 100vw, 400px\" \/><\/a><\/span><\/div><div class=\"fusion-text fusion-text-12 legende\" style=\"--awb-text-transform:none;\"><p>C\u00e8dre et Charme \u2013 M\u00e9lodie-Raum und sein Kamin<\/p>\n<\/div><\/div><\/div><div class=\"fusion-layout-column fusion_builder_column_inner fusion-builder-nested-column-10 fusion_builder_column_inner_1_4 1_4 fusion-flex-column col-tab-image\" style=\"--awb-bg-size:cover;--awb-width-large:25%;--awb-margin-top-large:0px;--awb-spacing-right-large:7.68%;--awb-margin-bottom-large:0px;--awb-spacing-left-large:7.68%;--awb-width-medium:100%;--awb-order-medium:0;--awb-spacing-right-medium:1.92%;--awb-spacing-left-medium:1.92%;--awb-width-small:100%;--awb-order-small:0;--awb-spacing-right-small:1.92%;--awb-spacing-left-small:1.92%;\"><div class=\"fusion-column-wrapper fusion-column-has-shadow fusion-flex-justify-content-flex-start fusion-content-layout-column\"><div class=\"fusion-image-element \" style=\"--awb-caption-title-font-family:var(--h2_typography-font-family);--awb-caption-title-font-weight:var(--h2_typography-font-weight);--awb-caption-title-font-style:var(--h2_typography-font-style);--awb-caption-title-size:var(--h2_typography-font-size);--awb-caption-title-transform:var(--h2_typography-text-transform);--awb-caption-title-line-height:var(--h2_typography-line-height);--awb-caption-title-letter-spacing:var(--h2_typography-letter-spacing);\"><span class=\" fusion-imageframe imageframe-none imageframe-11 hover-type-none\"><a href=\"https:\/\/cedre-et-charme.fr\/wp-content\/uploads\/2013\/11\/Chambres-dh\u00f4tes-en-Touraine-C\u00e8dre-et-Charme-Salle-de-bain-M\u00e9lodie-300k.jpg\" class=\"fusion-lightbox\" data-rel=\"iLightbox[Bezeichnung]\" data-caption=\"Salle de bain M\u00e9lodie\" data-title=\"Salle de bain M\u00e9lodie\" title=\"Salle de bain M\u00e9lodie\"><img decoding=\"async\" width=\"1024\" height=\"768\" src=\"https:\/\/cedre-et-charme.fr\/wp-content\/uploads\/2013\/11\/Chambres-dh\u00f4tes-en-Touraine-C\u00e8dre-et-Charme-Salle-de-bain-M\u00e9lodie-300k.jpg\" alt class=\"img-responsive wp-image-5040\" srcset=\"https:\/\/cedre-et-charme.fr\/wp-content\/uploads\/2013\/11\/Chambres-dh\u00f4tes-en-Touraine-C\u00e8dre-et-Charme-Salle-de-bain-M\u00e9lodie-300k-100x75.jpg 100w, https:\/\/cedre-et-charme.fr\/wp-content\/uploads\/2013\/11\/Chambres-dh\u00f4tes-en-Touraine-C\u00e8dre-et-Charme-Salle-de-bain-M\u00e9lodie-300k-300x225.jpg 300w, https:\/\/cedre-et-charme.fr\/wp-content\/uploads\/2013\/11\/Chambres-dh\u00f4tes-en-Touraine-C\u00e8dre-et-Charme-Salle-de-bain-M\u00e9lodie-300k.jpg 1024w\" sizes=\"(max-width: 1024px) 100vw, 1024px\" \/><\/a><\/span><\/div><div class=\"fusion-text fusion-text-13 legende\" style=\"--awb-text-transform:none;\"><p>Maison C\u00e8dre et Charme \u2013 M\u00e9lodie-Badezimmer<\/p>\n<\/div><\/div><\/div><div class=\"fusion-layout-column fusion_builder_column_inner fusion-builder-nested-column-11 fusion_builder_column_inner_1_4 1_4 fusion-flex-column col-tab-image\" style=\"--awb-bg-size:cover;--awb-width-large:25%;--awb-margin-top-large:0px;--awb-spacing-right-large:7.68%;--awb-margin-bottom-large:0px;--awb-spacing-left-large:7.68%;--awb-width-medium:100%;--awb-order-medium:0;--awb-spacing-right-medium:1.92%;--awb-spacing-left-medium:1.92%;--awb-width-small:100%;--awb-order-small:0;--awb-spacing-right-small:1.92%;--awb-spacing-left-small:1.92%;\"><div class=\"fusion-column-wrapper fusion-column-has-shadow fusion-flex-justify-content-flex-start fusion-content-layout-column\"><div class=\"fusion-image-element \" style=\"--awb-caption-title-font-family:var(--h2_typography-font-family);--awb-caption-title-font-weight:var(--h2_typography-font-weight);--awb-caption-title-font-style:var(--h2_typography-font-style);--awb-caption-title-size:var(--h2_typography-font-size);--awb-caption-title-transform:var(--h2_typography-text-transform);--awb-caption-title-line-height:var(--h2_typography-line-height);--awb-caption-title-letter-spacing:var(--h2_typography-letter-spacing);\"><span class=\" fusion-imageframe imageframe-none imageframe-12 hover-type-none\"><a href=\"https:\/\/cedre-et-charme.fr\/wp-content\/uploads\/2022\/03\/Chambres-dhotes-Cedre-et-Charme-chambre-Symphonie-1.jpg\" class=\"fusion-lightbox\" data-rel=\"iLightbox[Bezeichnung]\" data-caption=\"C\u00e8dre et Charme - Chambre Symphonie\" data-title=\"Chambres-dh\u00f4tes-C\u00e8dre-et-Charme-chambre-Symphonie-1\" title=\"Chambres-dh\u00f4tes-C\u00e8dre-et-Charme-chambre-Symphonie-1\"><img decoding=\"async\" width=\"1024\" height=\"768\" alt=\"C\u00e8dre et Charme - Chambre Romance\" src=\"https:\/\/cedre-et-charme.fr\/wp-content\/uploads\/2022\/03\/Chambres-dhotes-Cedre-et-Charme-chambre-Symphonie-1.jpg\" class=\"img-responsive wp-image-5526\" srcset=\"https:\/\/cedre-et-charme.fr\/wp-content\/uploads\/2022\/03\/Chambres-dhotes-Cedre-et-Charme-chambre-Symphonie-1-200x150.jpg 200w, https:\/\/cedre-et-charme.fr\/wp-content\/uploads\/2022\/03\/Chambres-dhotes-Cedre-et-Charme-chambre-Symphonie-1-400x300.jpg 400w, https:\/\/cedre-et-charme.fr\/wp-content\/uploads\/2022\/03\/Chambres-dhotes-Cedre-et-Charme-chambre-Symphonie-1-600x450.jpg 600w, https:\/\/cedre-et-charme.fr\/wp-content\/uploads\/2022\/03\/Chambres-dhotes-Cedre-et-Charme-chambre-Symphonie-1-800x600.jpg 800w, https:\/\/cedre-et-charme.fr\/wp-content\/uploads\/2022\/03\/Chambres-dhotes-Cedre-et-Charme-chambre-Symphonie-1.jpg 1024w\" sizes=\"(max-width: 1024px) 100vw, (max-width: 640px) 100vw, 400px\" \/><\/a><\/span><\/div><div class=\"fusion-text fusion-text-14 legende\" style=\"--awb-text-transform:none;\"><p>G\u00e4stehaus C\u00e8dre et Charme \u2013 Sinfoniezimmer<\/p>\n<\/div><\/div><\/div><div class=\"fusion-layout-column fusion_builder_column_inner fusion-builder-nested-column-12 fusion_builder_column_inner_1_4 1_4 fusion-flex-column col-tab-image\" style=\"--awb-bg-size:cover;--awb-width-large:25%;--awb-margin-top-large:0px;--awb-spacing-right-large:7.68%;--awb-margin-bottom-large:0px;--awb-spacing-left-large:7.68%;--awb-width-medium:100%;--awb-order-medium:0;--awb-spacing-right-medium:1.92%;--awb-spacing-left-medium:1.92%;--awb-width-small:100%;--awb-order-small:0;--awb-spacing-right-small:1.92%;--awb-spacing-left-small:1.92%;\"><div class=\"fusion-column-wrapper fusion-column-has-shadow fusion-flex-justify-content-flex-start fusion-content-layout-column\"><div class=\"fusion-image-element \" style=\"--awb-caption-title-font-family:var(--h2_typography-font-family);--awb-caption-title-font-weight:var(--h2_typography-font-weight);--awb-caption-title-font-style:var(--h2_typography-font-style);--awb-caption-title-size:var(--h2_typography-font-size);--awb-caption-title-transform:var(--h2_typography-text-transform);--awb-caption-title-line-height:var(--h2_typography-line-height);--awb-caption-title-letter-spacing:var(--h2_typography-letter-spacing);\"><span class=\" fusion-imageframe imageframe-none imageframe-13 hover-type-none\"><a href=\"https:\/\/cedre-et-charme.fr\/wp-content\/uploads\/2022\/03\/Chambres-dhotes-en-Touraine-Cedre-et-Charme-Salle-de-bain-Symphonie-150k1-min.jpg\" class=\"fusion-lightbox\" data-rel=\"iLightbox[Bezeichnung]\" data-caption=\"C\u00e8dre et Charme - Salle de bain Symphonie\" data-title=\"Chambres-dh\u00f4tes-en-Touraine-C\u00e8dre-et-Charme-Salle-de-bain-Symphonie-150k1-min\" title=\"Chambres-dh\u00f4tes-en-Touraine-C\u00e8dre-et-Charme-Salle-de-bain-Symphonie-150k1-min\"><img decoding=\"async\" width=\"768\" height=\"1024\" alt=\"C\u00e8dre et Charme - Chambre Romance\" src=\"https:\/\/cedre-et-charme.fr\/wp-content\/uploads\/2022\/03\/Chambres-dhotes-en-Touraine-Cedre-et-Charme-Salle-de-bain-Symphonie-150k1-min.jpg\" class=\"img-responsive wp-image-5416\" srcset=\"https:\/\/cedre-et-charme.fr\/wp-content\/uploads\/2022\/03\/Chambres-dhotes-en-Touraine-Cedre-et-Charme-Salle-de-bain-Symphonie-150k1-min-200x267.jpg 200w, https:\/\/cedre-et-charme.fr\/wp-content\/uploads\/2022\/03\/Chambres-dhotes-en-Touraine-Cedre-et-Charme-Salle-de-bain-Symphonie-150k1-min-400x533.jpg 400w, https:\/\/cedre-et-charme.fr\/wp-content\/uploads\/2022\/03\/Chambres-dhotes-en-Touraine-Cedre-et-Charme-Salle-de-bain-Symphonie-150k1-min-600x800.jpg 600w, https:\/\/cedre-et-charme.fr\/wp-content\/uploads\/2022\/03\/Chambres-dhotes-en-Touraine-Cedre-et-Charme-Salle-de-bain-Symphonie-150k1-min.jpg 768w\" sizes=\"(max-width: 1024px) 100vw, (max-width: 640px) 100vw, 400px\" \/><\/a><\/span><\/div><div class=\"fusion-text fusion-text-15 legende\" style=\"--awb-text-transform:none;\"><p>G\u00eete Les Oiseaux du C\u00e8dre \u2013 K\u00fcche und Bar<\/p>\n<\/div><\/div><\/div><div class=\"fusion-layout-column fusion_builder_column_inner fusion-builder-nested-column-13 fusion_builder_column_inner_1_4 1_4 fusion-flex-column col-tab-image\" style=\"--awb-bg-size:cover;--awb-width-large:25%;--awb-margin-top-large:0px;--awb-spacing-right-large:7.68%;--awb-margin-bottom-large:0px;--awb-spacing-left-large:7.68%;--awb-width-medium:100%;--awb-order-medium:0;--awb-spacing-right-medium:1.92%;--awb-spacing-left-medium:1.92%;--awb-width-small:100%;--awb-order-small:0;--awb-spacing-right-small:1.92%;--awb-spacing-left-small:1.92%;\"><div class=\"fusion-column-wrapper fusion-column-has-shadow fusion-flex-justify-content-flex-start fusion-content-layout-column\"><div class=\"fusion-image-element \" style=\"--awb-caption-title-font-family:var(--h2_typography-font-family);--awb-caption-title-font-weight:var(--h2_typography-font-weight);--awb-caption-title-font-style:var(--h2_typography-font-style);--awb-caption-title-size:var(--h2_typography-font-size);--awb-caption-title-transform:var(--h2_typography-text-transform);--awb-caption-title-line-height:var(--h2_typography-line-height);--awb-caption-title-letter-spacing:var(--h2_typography-letter-spacing);\"><span class=\" fusion-imageframe imageframe-none imageframe-14 hover-type-none\"><a href=\"https:\/\/cedre-et-charme.fr\/wp-content\/uploads\/2013\/11\/Chambres-dh\u00f4tes-en-Touraine-C\u00e8dre-et-Charme-Chambre-S\u00e9r\u00e9nande-160k.jpg\" class=\"fusion-lightbox\" data-rel=\"iLightbox[Bezeichnung]\" data-caption=\"Chambre S\u00e9r\u00e9nade\" data-title=\"Chambre S\u00e9r\u00e9nade\" title=\"Chambre S\u00e9r\u00e9nade\"><img decoding=\"async\" width=\"1024\" height=\"768\" alt=\"C\u00e8dre et Charme - Salle de S\u00e9r\u00e9nade\" src=\"https:\/\/cedre-et-charme.fr\/wp-content\/uploads\/2013\/11\/Chambres-dh\u00f4tes-en-Touraine-C\u00e8dre-et-Charme-Chambre-S\u00e9r\u00e9nande-160k.jpg\" class=\"img-responsive wp-image-5058\" srcset=\"https:\/\/cedre-et-charme.fr\/wp-content\/uploads\/2013\/11\/Chambres-dh\u00f4tes-en-Touraine-C\u00e8dre-et-Charme-Chambre-S\u00e9r\u00e9nande-160k-100x75.jpg 100w, https:\/\/cedre-et-charme.fr\/wp-content\/uploads\/2013\/11\/Chambres-dh\u00f4tes-en-Touraine-C\u00e8dre-et-Charme-Chambre-S\u00e9r\u00e9nande-160k-300x225.jpg 300w, https:\/\/cedre-et-charme.fr\/wp-content\/uploads\/2013\/11\/Chambres-dh\u00f4tes-en-Touraine-C\u00e8dre-et-Charme-Chambre-S\u00e9r\u00e9nande-160k.jpg 1024w\" sizes=\"(max-width: 1024px) 100vw, 1024px\" \/><\/a><\/span><\/div><div class=\"fusion-text fusion-text-16 legende\" style=\"--awb-text-transform:none;\"><div id=\"attachment_844\" class=\"wp-caption aligncenter\">\n<p id=\"caption-attachment-844\" class=\"wp-caption-text\">G\u00e4stehaus C\u00e8dre et Charme \u2013 Serenadenzimmer<\/p>\n<\/div>\n<\/div><\/div><\/div><div class=\"fusion-layout-column fusion_builder_column_inner fusion-builder-nested-column-14 fusion_builder_column_inner_1_4 1_4 fusion-flex-column col-tab-image\" style=\"--awb-bg-size:cover;--awb-width-large:25%;--awb-margin-top-large:0px;--awb-spacing-right-large:7.68%;--awb-margin-bottom-large:0px;--awb-spacing-left-large:7.68%;--awb-width-medium:100%;--awb-order-medium:0;--awb-spacing-right-medium:1.92%;--awb-spacing-left-medium:1.92%;--awb-width-small:100%;--awb-order-small:0;--awb-spacing-right-small:1.92%;--awb-spacing-left-small:1.92%;\"><div class=\"fusion-column-wrapper fusion-column-has-shadow fusion-flex-justify-content-flex-start fusion-content-layout-column\"><div class=\"fusion-image-element \" style=\"--awb-caption-title-font-family:var(--h2_typography-font-family);--awb-caption-title-font-weight:var(--h2_typography-font-weight);--awb-caption-title-font-style:var(--h2_typography-font-style);--awb-caption-title-size:var(--h2_typography-font-size);--awb-caption-title-transform:var(--h2_typography-text-transform);--awb-caption-title-line-height:var(--h2_typography-line-height);--awb-caption-title-letter-spacing:var(--h2_typography-letter-spacing);\"><span class=\" fusion-imageframe imageframe-none imageframe-15 hover-type-none\"><a href=\"https:\/\/cedre-et-charme.fr\/wp-content\/uploads\/2022\/03\/Chambres-dhotes-en-Touraine-Cedre-et-Charme-Salle-de-bain-Serenade-min.jpg\" class=\"fusion-lightbox\" data-rel=\"iLightbox[Bezeichnung]\" data-caption=\"C\u00e8dre et Charme - Salle de bain S\u00e9r\u00e9nade\" data-title=\"Chambres-dh\u00f4tes-en-Touraine-C\u00e8dre-et-Charme-Salle-de-bain-S\u00e9r\u00e9nade-min\" title=\"Chambres-dh\u00f4tes-en-Touraine-C\u00e8dre-et-Charme-Salle-de-bain-S\u00e9r\u00e9nade-min\"><img decoding=\"async\" width=\"1024\" height=\"768\" alt=\"C\u00e8dre et Charme - Salle de bain S\u00e9r\u00e9nade\" src=\"https:\/\/cedre-et-charme.fr\/wp-content\/uploads\/2022\/03\/Chambres-dhotes-en-Touraine-Cedre-et-Charme-Salle-de-bain-Serenade-min.jpg\" class=\"img-responsive wp-image-5414\" srcset=\"https:\/\/cedre-et-charme.fr\/wp-content\/uploads\/2022\/03\/Chambres-dhotes-en-Touraine-Cedre-et-Charme-Salle-de-bain-Serenade-min-200x150.jpg 200w, https:\/\/cedre-et-charme.fr\/wp-content\/uploads\/2022\/03\/Chambres-dhotes-en-Touraine-Cedre-et-Charme-Salle-de-bain-Serenade-min-400x300.jpg 400w, https:\/\/cedre-et-charme.fr\/wp-content\/uploads\/2022\/03\/Chambres-dhotes-en-Touraine-Cedre-et-Charme-Salle-de-bain-Serenade-min-600x450.jpg 600w, https:\/\/cedre-et-charme.fr\/wp-content\/uploads\/2022\/03\/Chambres-dhotes-en-Touraine-Cedre-et-Charme-Salle-de-bain-Serenade-min-800x600.jpg 800w, https:\/\/cedre-et-charme.fr\/wp-content\/uploads\/2022\/03\/Chambres-dhotes-en-Touraine-Cedre-et-Charme-Salle-de-bain-Serenade-min.jpg 1024w\" sizes=\"(max-width: 1024px) 100vw, (max-width: 640px) 100vw, 400px\" \/><\/a><\/span><\/div><div class=\"fusion-text fusion-text-17 legende\" style=\"--awb-text-transform:none;\"><p>G\u00e4stehaus C\u00e8dre et Charme \u2013 Badezimmer Serenade<\/p>\n<\/div><\/div><\/div><div class=\"fusion-layout-column fusion_builder_column_inner fusion-builder-nested-column-15 fusion_builder_column_inner_1_4 1_4 fusion-flex-column col-tab-image\" style=\"--awb-bg-size:cover;--awb-width-large:25%;--awb-margin-top-large:0px;--awb-spacing-right-large:7.68%;--awb-margin-bottom-large:0px;--awb-spacing-left-large:7.68%;--awb-width-medium:100%;--awb-order-medium:0;--awb-spacing-right-medium:1.92%;--awb-spacing-left-medium:1.92%;--awb-width-small:100%;--awb-order-small:0;--awb-spacing-right-small:1.92%;--awb-spacing-left-small:1.92%;\"><div class=\"fusion-column-wrapper fusion-column-has-shadow fusion-flex-justify-content-flex-start fusion-content-layout-column\"><div class=\"fusion-image-element \" style=\"--awb-caption-title-font-family:var(--h2_typography-font-family);--awb-caption-title-font-weight:var(--h2_typography-font-weight);--awb-caption-title-font-style:var(--h2_typography-font-style);--awb-caption-title-size:var(--h2_typography-font-size);--awb-caption-title-transform:var(--h2_typography-text-transform);--awb-caption-title-line-height:var(--h2_typography-line-height);--awb-caption-title-letter-spacing:var(--h2_typography-letter-spacing);\"><span class=\" fusion-imageframe imageframe-none imageframe-16 hover-type-none\"><a href=\"https:\/\/cedre-et-charme.fr\/wp-content\/uploads\/2022\/03\/Chambres-dhotes-Cedre-et-Charme-Entree-768x1024-1.jpg\" class=\"fusion-lightbox\" data-rel=\"iLightbox[Bezeichnung]\" data-caption=\"Entr\u00e9e et escalier\" data-title=\"Chambres-dh\u00f4tes-C\u00e8dre-et-Charme-Entr\u00e9e-768&#215;1024\" title=\"Chambres-dh\u00f4tes-C\u00e8dre-et-Charme-Entr\u00e9e-768&#215;1024\"><img decoding=\"async\" width=\"768\" height=\"1024\" alt=\"Entr\u00e9e et escalier\" src=\"https:\/\/cedre-et-charme.fr\/wp-content\/uploads\/2022\/03\/Chambres-dhotes-Cedre-et-Charme-Entree-768x1024-1.jpg\" class=\"img-responsive wp-image-5534\" srcset=\"https:\/\/cedre-et-charme.fr\/wp-content\/uploads\/2022\/03\/Chambres-dhotes-Cedre-et-Charme-Entree-768x1024-1-200x267.jpg 200w, https:\/\/cedre-et-charme.fr\/wp-content\/uploads\/2022\/03\/Chambres-dhotes-Cedre-et-Charme-Entree-768x1024-1-400x533.jpg 400w, https:\/\/cedre-et-charme.fr\/wp-content\/uploads\/2022\/03\/Chambres-dhotes-Cedre-et-Charme-Entree-768x1024-1-600x800.jpg 600w, https:\/\/cedre-et-charme.fr\/wp-content\/uploads\/2022\/03\/Chambres-dhotes-Cedre-et-Charme-Entree-768x1024-1.jpg 768w\" sizes=\"(max-width: 1024px) 100vw, (max-width: 640px) 100vw, 400px\" \/><\/a><\/span><\/div><div class=\"fusion-text fusion-text-18 legende\" style=\"--awb-text-transform:none;\"><p>Cedar and Charm House \u2013 Gasteingang<\/p>\n<\/div><\/div><\/div><div class=\"fusion-layout-column fusion_builder_column_inner fusion-builder-nested-column-16 fusion_builder_column_inner_1_4 1_4 fusion-flex-column col-tab-image\" style=\"--awb-bg-size:cover;--awb-width-large:25%;--awb-margin-top-large:0px;--awb-spacing-right-large:7.68%;--awb-margin-bottom-large:0px;--awb-spacing-left-large:7.68%;--awb-width-medium:100%;--awb-order-medium:0;--awb-spacing-right-medium:1.92%;--awb-spacing-left-medium:1.92%;--awb-width-small:100%;--awb-order-small:0;--awb-spacing-right-small:1.92%;--awb-spacing-left-small:1.92%;\"><div class=\"fusion-column-wrapper fusion-column-has-shadow fusion-flex-justify-content-flex-start fusion-content-layout-column\"><div class=\"fusion-image-element \" style=\"--awb-caption-title-font-family:var(--h2_typography-font-family);--awb-caption-title-font-weight:var(--h2_typography-font-weight);--awb-caption-title-font-style:var(--h2_typography-font-style);--awb-caption-title-size:var(--h2_typography-font-size);--awb-caption-title-transform:var(--h2_typography-text-transform);--awb-caption-title-line-height:var(--h2_typography-line-height);--awb-caption-title-letter-spacing:var(--h2_typography-letter-spacing);\"><span class=\" fusion-imageframe imageframe-none imageframe-17 hover-type-none\"><a href=\"https:\/\/cedre-et-charme.fr\/wp-content\/uploads\/2017\/11\/C\u00e8dre-et-Charme-bouquets-de-roses-200ko-1024x768.jpg\" class=\"fusion-lightbox\" data-rel=\"iLightbox[Bezeichnung]\" data-caption=\"Parc et son kiosque\" data-title=\"C\u00e8dre et Charme -bouquets de roses-200ko\" title=\"C\u00e8dre et Charme -bouquets de roses-200ko\"><img decoding=\"async\" width=\"1024\" height=\"768\" src=\"https:\/\/cedre-et-charme.fr\/wp-content\/uploads\/2017\/11\/C\u00e8dre-et-Charme-bouquets-de-roses-200ko-1024x768.jpg\" alt class=\"img-responsive wp-image-5142\" srcset=\"https:\/\/cedre-et-charme.fr\/wp-content\/uploads\/2017\/11\/C\u00e8dre-et-Charme-bouquets-de-roses-200ko-100x75.jpg 100w, https:\/\/cedre-et-charme.fr\/wp-content\/uploads\/2017\/11\/C\u00e8dre-et-Charme-bouquets-de-roses-200ko-300x225.jpg 300w, https:\/\/cedre-et-charme.fr\/wp-content\/uploads\/2017\/11\/C\u00e8dre-et-Charme-bouquets-de-roses-200ko-768x576.jpg 768w, https:\/\/cedre-et-charme.fr\/wp-content\/uploads\/2017\/11\/C\u00e8dre-et-Charme-bouquets-de-roses-200ko.jpg 1024w\" sizes=\"(max-width: 1024px) 100vw, 1024px\" \/><\/a><\/span><\/div><div class=\"fusion-text fusion-text-19 legende\" style=\"--awb-text-transform:none;\"><p>G\u00e4stehaus C\u00e8dre et Charme \u2013 Park und sein Kiosk<\/p>\n<\/div><\/div><\/div><div class=\"fusion-layout-column fusion_builder_column_inner fusion-builder-nested-column-17 fusion_builder_column_inner_1_4 1_4 fusion-flex-column col-tab-image\" style=\"--awb-bg-size:cover;--awb-width-large:25%;--awb-margin-top-large:0px;--awb-spacing-right-large:7.68%;--awb-margin-bottom-large:0px;--awb-spacing-left-large:7.68%;--awb-width-medium:100%;--awb-order-medium:0;--awb-spacing-right-medium:1.92%;--awb-spacing-left-medium:1.92%;--awb-width-small:100%;--awb-order-small:0;--awb-spacing-right-small:1.92%;--awb-spacing-left-small:1.92%;\"><div class=\"fusion-column-wrapper fusion-column-has-shadow fusion-flex-justify-content-flex-start fusion-content-layout-column\"><div class=\"fusion-image-element \" style=\"--awb-caption-title-font-family:var(--h2_typography-font-family);--awb-caption-title-font-weight:var(--h2_typography-font-weight);--awb-caption-title-font-style:var(--h2_typography-font-style);--awb-caption-title-size:var(--h2_typography-font-size);--awb-caption-title-transform:var(--h2_typography-text-transform);--awb-caption-title-line-height:var(--h2_typography-line-height);--awb-caption-title-letter-spacing:var(--h2_typography-letter-spacing);\"><span class=\" fusion-imageframe imageframe-none imageframe-18 hover-type-none\"><a href=\"https:\/\/cedre-et-charme.fr\/wp-content\/uploads\/2022\/03\/Chambres-dhotes-en-Touraine-Cedre-et-Charme-Petit-dejeuner-dans-le-grans-salon_slider4-200ko-min.jpg\" class=\"fusion-lightbox\" data-rel=\"iLightbox[Bezeichnung]\" data-caption=\"C\u00e8dre et Charme - Petits d\u00e9jeuners des h\u00f4tes\" data-title=\"Chambres-dh\u00f4tes-en-Touraine-C\u00e8dre-et-Charme-Petit-d\u00e9jeuner-dans-le-grans-salon_slider4-200ko-min\" title=\"Chambres-dh\u00f4tes-en-Touraine-C\u00e8dre-et-Charme-Petit-d\u00e9jeuner-dans-le-grans-salon_slider4-200ko-min\"><img decoding=\"async\" width=\"1024\" height=\"459\" alt=\"C\u00e8dre et Charme - Petits d\u00e9jeuners des h\u00f4tes\" src=\"https:\/\/cedre-et-charme.fr\/wp-content\/uploads\/2022\/03\/Chambres-dhotes-en-Touraine-Cedre-et-Charme-Petit-dejeuner-dans-le-grans-salon_slider4-200ko-min.jpg\" class=\"img-responsive wp-image-5406\" srcset=\"https:\/\/cedre-et-charme.fr\/wp-content\/uploads\/2022\/03\/Chambres-dhotes-en-Touraine-Cedre-et-Charme-Petit-dejeuner-dans-le-grans-salon_slider4-200ko-min-200x90.jpg 200w, https:\/\/cedre-et-charme.fr\/wp-content\/uploads\/2022\/03\/Chambres-dhotes-en-Touraine-Cedre-et-Charme-Petit-dejeuner-dans-le-grans-salon_slider4-200ko-min-400x179.jpg 400w, https:\/\/cedre-et-charme.fr\/wp-content\/uploads\/2022\/03\/Chambres-dhotes-en-Touraine-Cedre-et-Charme-Petit-dejeuner-dans-le-grans-salon_slider4-200ko-min-600x269.jpg 600w, https:\/\/cedre-et-charme.fr\/wp-content\/uploads\/2022\/03\/Chambres-dhotes-en-Touraine-Cedre-et-Charme-Petit-dejeuner-dans-le-grans-salon_slider4-200ko-min-800x359.jpg 800w, https:\/\/cedre-et-charme.fr\/wp-content\/uploads\/2022\/03\/Chambres-dhotes-en-Touraine-Cedre-et-Charme-Petit-dejeuner-dans-le-grans-salon_slider4-200ko-min.jpg 1024w\" sizes=\"(max-width: 1024px) 100vw, (max-width: 640px) 100vw, 400px\" \/><\/a><\/span><\/div><div class=\"fusion-text fusion-text-20 legende\" style=\"--awb-text-transform:none;\"><p>G\u00e4stehaus C\u00e8dre et Charme \u2013 Genussfr\u00fchst\u00fcck im gro\u00dfen Wohnzimmer<\/p>\n<\/div><\/div><\/div><div class=\"fusion-layout-column fusion_builder_column_inner fusion-builder-nested-column-18 fusion_builder_column_inner_1_4 1_4 fusion-flex-column col-tab-image\" style=\"--awb-bg-size:cover;--awb-width-large:25%;--awb-margin-top-large:0px;--awb-spacing-right-large:7.68%;--awb-margin-bottom-large:0px;--awb-spacing-left-large:7.68%;--awb-width-medium:100%;--awb-order-medium:0;--awb-spacing-right-medium:1.92%;--awb-spacing-left-medium:1.92%;--awb-width-small:100%;--awb-order-small:0;--awb-spacing-right-small:1.92%;--awb-spacing-left-small:1.92%;\"><div class=\"fusion-column-wrapper fusion-column-has-shadow fusion-flex-justify-content-flex-start fusion-content-layout-column\"><div class=\"fusion-image-element \" style=\"--awb-caption-title-font-family:var(--h2_typography-font-family);--awb-caption-title-font-weight:var(--h2_typography-font-weight);--awb-caption-title-font-style:var(--h2_typography-font-style);--awb-caption-title-size:var(--h2_typography-font-size);--awb-caption-title-transform:var(--h2_typography-text-transform);--awb-caption-title-line-height:var(--h2_typography-line-height);--awb-caption-title-letter-spacing:var(--h2_typography-letter-spacing);\"><span class=\" fusion-imageframe imageframe-none imageframe-19 hover-type-none\"><a href=\"https:\/\/cedre-et-charme.fr\/wp-content\/uploads\/2023\/11\/IMG_20210424_191723354-1024x768.jpg\" class=\"fusion-lightbox\" data-rel=\"iLightbox[Bezeichnung]\" data-caption=\"C\u00e8dre et Charme - Salons et ses canap\u00e9s\" data-title=\"IMG_20210424_191723354\" title=\"IMG_20210424_191723354\"><img decoding=\"async\" width=\"1024\" height=\"768\" alt=\"Salo\" src=\"https:\/\/cedre-et-charme.fr\/wp-content\/uploads\/2023\/11\/IMG_20210424_191723354-1024x768.jpg\" class=\"img-responsive wp-image-7925\" srcset=\"https:\/\/cedre-et-charme.fr\/wp-content\/uploads\/2023\/11\/IMG_20210424_191723354-200x150.jpg 200w, https:\/\/cedre-et-charme.fr\/wp-content\/uploads\/2023\/11\/IMG_20210424_191723354-400x300.jpg 400w, https:\/\/cedre-et-charme.fr\/wp-content\/uploads\/2023\/11\/IMG_20210424_191723354-600x450.jpg 600w, https:\/\/cedre-et-charme.fr\/wp-content\/uploads\/2023\/11\/IMG_20210424_191723354-800x600.jpg 800w, https:\/\/cedre-et-charme.fr\/wp-content\/uploads\/2023\/11\/IMG_20210424_191723354-1200x900.jpg 1200w\" sizes=\"(max-width: 1024px) 100vw, (max-width: 640px) 100vw, 400px\" \/><\/a><\/span><\/div><div class=\"fusion-text fusion-text-21 legende\" style=\"--awb-text-transform:none;\"><p>G\u00e4stehaus Zedernholz und Charme &#8211; Wohnzimmer mit rotem Ledersofa<\/p>\n<\/div><\/div><\/div><div class=\"fusion-layout-column fusion_builder_column_inner fusion-builder-nested-column-19 fusion_builder_column_inner_1_4 1_4 fusion-flex-column col-tab-image\" style=\"--awb-bg-size:cover;--awb-width-large:25%;--awb-margin-top-large:0px;--awb-spacing-right-large:7.68%;--awb-margin-bottom-large:0px;--awb-spacing-left-large:7.68%;--awb-width-medium:100%;--awb-order-medium:0;--awb-spacing-right-medium:1.92%;--awb-spacing-left-medium:1.92%;--awb-width-small:100%;--awb-order-small:0;--awb-spacing-right-small:1.92%;--awb-spacing-left-small:1.92%;\"><div class=\"fusion-column-wrapper fusion-column-has-shadow fusion-flex-justify-content-flex-start fusion-content-layout-column\"><div class=\"fusion-image-element \" style=\"--awb-caption-title-font-family:var(--h2_typography-font-family);--awb-caption-title-font-weight:var(--h2_typography-font-weight);--awb-caption-title-font-style:var(--h2_typography-font-style);--awb-caption-title-size:var(--h2_typography-font-size);--awb-caption-title-transform:var(--h2_typography-text-transform);--awb-caption-title-line-height:var(--h2_typography-line-height);--awb-caption-title-letter-spacing:var(--h2_typography-letter-spacing);\"><span class=\" fusion-imageframe imageframe-none imageframe-20 hover-type-none\"><a href=\"https:\/\/cedre-et-charme.fr\/wp-content\/uploads\/2023\/11\/IMG_20210424_191349328-1024x768.jpg\" class=\"fusion-lightbox\" data-rel=\"iLightbox[Bezeichnung]\" data-caption=\"C\u00e8dre et Charme - Salle \u00e0 manger\" data-title=\"IMG_20210424_191349328\" title=\"IMG_20210424_191349328\"><img decoding=\"async\" width=\"1024\" height=\"768\" alt=\"Salle \u00e0 manger\" src=\"https:\/\/cedre-et-charme.fr\/wp-content\/uploads\/2023\/11\/IMG_20210424_191349328-1024x768.jpg\" class=\"img-responsive wp-image-7934\" srcset=\"https:\/\/cedre-et-charme.fr\/wp-content\/uploads\/2023\/11\/IMG_20210424_191349328-200x150.jpg 200w, https:\/\/cedre-et-charme.fr\/wp-content\/uploads\/2023\/11\/IMG_20210424_191349328-400x300.jpg 400w, https:\/\/cedre-et-charme.fr\/wp-content\/uploads\/2023\/11\/IMG_20210424_191349328-600x450.jpg 600w, https:\/\/cedre-et-charme.fr\/wp-content\/uploads\/2023\/11\/IMG_20210424_191349328-800x600.jpg 800w, https:\/\/cedre-et-charme.fr\/wp-content\/uploads\/2023\/11\/IMG_20210424_191349328-1200x900.jpg 1200w\" sizes=\"(max-width: 1024px) 100vw, (max-width: 640px) 100vw, 400px\" \/><\/a><\/span><\/div><div class=\"fusion-text fusion-text-22 legende\" style=\"--awb-text-transform:none;\"><p>G\u00e4stehaus Zedernholz und Charme &#8211; Esszimmer mit ausziehbarem Tisch f\u00fcr bis zu 14-16 Personen<\/p>\n<\/div><\/div><\/div><div class=\"fusion-layout-column fusion_builder_column_inner fusion-builder-nested-column-20 fusion_builder_column_inner_1_4 1_4 fusion-flex-column col-tab-image\" style=\"--awb-bg-size:cover;--awb-width-large:25%;--awb-margin-top-large:0px;--awb-spacing-right-large:7.68%;--awb-margin-bottom-large:0px;--awb-spacing-left-large:7.68%;--awb-width-medium:100%;--awb-order-medium:0;--awb-spacing-right-medium:1.92%;--awb-spacing-left-medium:1.92%;--awb-width-small:100%;--awb-order-small:0;--awb-spacing-right-small:1.92%;--awb-spacing-left-small:1.92%;\"><div class=\"fusion-column-wrapper fusion-column-has-shadow fusion-flex-justify-content-flex-start fusion-content-layout-column\"><div class=\"fusion-image-element \" style=\"--awb-caption-title-font-family:var(--h2_typography-font-family);--awb-caption-title-font-weight:var(--h2_typography-font-weight);--awb-caption-title-font-style:var(--h2_typography-font-style);--awb-caption-title-size:var(--h2_typography-font-size);--awb-caption-title-transform:var(--h2_typography-text-transform);--awb-caption-title-line-height:var(--h2_typography-line-height);--awb-caption-title-letter-spacing:var(--h2_typography-letter-spacing);\"><span class=\" fusion-imageframe imageframe-none imageframe-21 hover-type-none\"><a href=\"https:\/\/cedre-et-charme.fr\/wp-content\/uploads\/2023\/11\/IMG_20210424_191326339-1-1024x768.jpg\" class=\"fusion-lightbox\" data-rel=\"iLightbox[Bezeichnung]\" data-caption=\"C\u00e8dre et Charme - Salle \u00e0 manger et salon\" data-title=\"IMG_20210424_191326339\" title=\"IMG_20210424_191326339\"><img decoding=\"async\" width=\"1024\" height=\"768\" alt=\"Salle et manger e\" src=\"https:\/\/cedre-et-charme.fr\/wp-content\/uploads\/2023\/11\/IMG_20210424_191326339-1-1024x768.jpg\" class=\"img-responsive wp-image-7931\" srcset=\"https:\/\/cedre-et-charme.fr\/wp-content\/uploads\/2023\/11\/IMG_20210424_191326339-1-200x150.jpg 200w, https:\/\/cedre-et-charme.fr\/wp-content\/uploads\/2023\/11\/IMG_20210424_191326339-1-400x300.jpg 400w, https:\/\/cedre-et-charme.fr\/wp-content\/uploads\/2023\/11\/IMG_20210424_191326339-1-600x450.jpg 600w, https:\/\/cedre-et-charme.fr\/wp-content\/uploads\/2023\/11\/IMG_20210424_191326339-1-800x600.jpg 800w, https:\/\/cedre-et-charme.fr\/wp-content\/uploads\/2023\/11\/IMG_20210424_191326339-1-1200x900.jpg 1200w\" sizes=\"(max-width: 1024px) 100vw, (max-width: 640px) 100vw, 400px\" \/><\/a><\/span><\/div><div class=\"fusion-text fusion-text-23 legende\" style=\"--awb-text-transform:none;\"><p>G\u00e4stehaus C\u00e8dre et Charme &#8211; Ess- und Wohnzimmer<\/p>\n<\/div><\/div><\/div><div class=\"fusion-layout-column fusion_builder_column_inner fusion-builder-nested-column-21 fusion_builder_column_inner_1_4 1_4 fusion-flex-column col-tab-image\" style=\"--awb-bg-size:cover;--awb-width-large:25%;--awb-margin-top-large:0px;--awb-spacing-right-large:7.68%;--awb-margin-bottom-large:0px;--awb-spacing-left-large:7.68%;--awb-width-medium:100%;--awb-order-medium:0;--awb-spacing-right-medium:1.92%;--awb-spacing-left-medium:1.92%;--awb-width-small:100%;--awb-order-small:0;--awb-spacing-right-small:1.92%;--awb-spacing-left-small:1.92%;\"><div class=\"fusion-column-wrapper fusion-column-has-shadow fusion-flex-justify-content-flex-start fusion-content-layout-column\"><div class=\"fusion-image-element \" style=\"--awb-caption-title-font-family:var(--h2_typography-font-family);--awb-caption-title-font-weight:var(--h2_typography-font-weight);--awb-caption-title-font-style:var(--h2_typography-font-style);--awb-caption-title-size:var(--h2_typography-font-size);--awb-caption-title-transform:var(--h2_typography-text-transform);--awb-caption-title-line-height:var(--h2_typography-line-height);--awb-caption-title-letter-spacing:var(--h2_typography-letter-spacing);\"><span class=\" fusion-imageframe imageframe-none imageframe-22 hover-type-none\"><a href=\"https:\/\/cedre-et-charme.fr\/wp-content\/uploads\/2020\/02\/P1020032-1024x768.jpg\" class=\"fusion-lightbox\" data-rel=\"iLightbox[Bezeichnung]\" data-caption=\"Cuisine g\u00eete C\u00e8dre et Charme\" data-title=\"Cuisine g\u00eete C\u00e8dre et Charme\" title=\"Cuisine g\u00eete C\u00e8dre et Charme\"><img decoding=\"async\" width=\"1024\" height=\"768\" src=\"https:\/\/cedre-et-charme.fr\/wp-content\/uploads\/2020\/02\/P1020032-1024x768.jpg\" alt class=\"img-responsive wp-image-5272\" srcset=\"https:\/\/cedre-et-charme.fr\/wp-content\/uploads\/2020\/02\/P1020032-100x75.jpg 100w, https:\/\/cedre-et-charme.fr\/wp-content\/uploads\/2020\/02\/P1020032-300x225.jpg 300w, https:\/\/cedre-et-charme.fr\/wp-content\/uploads\/2020\/02\/P1020032-768x576.jpg 768w, https:\/\/cedre-et-charme.fr\/wp-content\/uploads\/2020\/02\/P1020032-1024x768.jpg 1024w\" sizes=\"(max-width: 1024px) 100vw, 1024px\" \/><\/a><\/span><\/div><div class=\"fusion-text fusion-text-24 legende\" style=\"--awb-text-transform:none;\"><p>G\u00e4stehaus C\u00e8dre et Charme \u2013 Landhausk\u00fcche C\u00e8dre et Charme<\/p>\n<\/div><\/div><\/div><div class=\"fusion-layout-column fusion_builder_column_inner fusion-builder-nested-column-22 fusion_builder_column_inner_1_4 1_4 fusion-flex-column col-tab-image\" style=\"--awb-bg-size:cover;--awb-width-large:25%;--awb-margin-top-large:0px;--awb-spacing-right-large:7.68%;--awb-margin-bottom-large:0px;--awb-spacing-left-large:7.68%;--awb-width-medium:100%;--awb-order-medium:0;--awb-spacing-right-medium:1.92%;--awb-spacing-left-medium:1.92%;--awb-width-small:100%;--awb-order-small:0;--awb-spacing-right-small:1.92%;--awb-spacing-left-small:1.92%;\"><div class=\"fusion-column-wrapper fusion-column-has-shadow fusion-flex-justify-content-flex-start fusion-content-layout-column\"><div class=\"fusion-image-element \" style=\"--awb-caption-title-font-family:var(--h2_typography-font-family);--awb-caption-title-font-weight:var(--h2_typography-font-weight);--awb-caption-title-font-style:var(--h2_typography-font-style);--awb-caption-title-size:var(--h2_typography-font-size);--awb-caption-title-transform:var(--h2_typography-text-transform);--awb-caption-title-line-height:var(--h2_typography-line-height);--awb-caption-title-letter-spacing:var(--h2_typography-letter-spacing);\"><span class=\" fusion-imageframe imageframe-none imageframe-23 hover-type-none\"><a href=\"https:\/\/cedre-et-charme.fr\/wp-content\/uploads\/2022\/03\/P1020036-1024x768-1.jpg\" class=\"fusion-lightbox\" data-rel=\"iLightbox[Bezeichnung]\" data-caption=\"Cuisine des h\u00f4tes C\u00e8dre et Charme\" data-title=\"P1020036-1024&#215;768\" title=\"P1020036-1024&#215;768\"><img decoding=\"async\" width=\"1024\" height=\"768\" alt=\"Cuisine des h\u00f4tes\" src=\"https:\/\/cedre-et-charme.fr\/wp-content\/uploads\/2022\/03\/P1020036-1024x768-1.jpg\" class=\"img-responsive wp-image-5544\" srcset=\"https:\/\/cedre-et-charme.fr\/wp-content\/uploads\/2022\/03\/P1020036-1024x768-1-200x150.jpg 200w, https:\/\/cedre-et-charme.fr\/wp-content\/uploads\/2022\/03\/P1020036-1024x768-1-400x300.jpg 400w, https:\/\/cedre-et-charme.fr\/wp-content\/uploads\/2022\/03\/P1020036-1024x768-1-600x450.jpg 600w, https:\/\/cedre-et-charme.fr\/wp-content\/uploads\/2022\/03\/P1020036-1024x768-1-800x600.jpg 800w, https:\/\/cedre-et-charme.fr\/wp-content\/uploads\/2022\/03\/P1020036-1024x768-1.jpg 1024w\" sizes=\"(max-width: 1024px) 100vw, (max-width: 640px) 100vw, 400px\" \/><\/a><\/span><\/div><div class=\"fusion-text fusion-text-25 legende\" style=\"--awb-text-transform:none;\"><p>G\u00e4stehaus C\u00e8dre et Charme \u2013 Voll ausgestattete K\u00fcche<\/p>\n<\/div><\/div><\/div><div class=\"fusion-layout-column fusion_builder_column_inner fusion-builder-nested-column-23 fusion_builder_column_inner_1_4 1_4 fusion-flex-column col-tab-image\" style=\"--awb-bg-size:cover;--awb-width-large:25%;--awb-margin-top-large:0px;--awb-spacing-right-large:7.68%;--awb-margin-bottom-large:0px;--awb-spacing-left-large:7.68%;--awb-width-medium:100%;--awb-order-medium:0;--awb-spacing-right-medium:1.92%;--awb-spacing-left-medium:1.92%;--awb-width-small:100%;--awb-order-small:0;--awb-spacing-right-small:1.92%;--awb-spacing-left-small:1.92%;\"><div class=\"fusion-column-wrapper fusion-column-has-shadow fusion-flex-justify-content-flex-start fusion-content-layout-column\"><div class=\"fusion-image-element \" style=\"--awb-caption-title-font-family:var(--h2_typography-font-family);--awb-caption-title-font-weight:var(--h2_typography-font-weight);--awb-caption-title-font-style:var(--h2_typography-font-style);--awb-caption-title-size:var(--h2_typography-font-size);--awb-caption-title-transform:var(--h2_typography-text-transform);--awb-caption-title-line-height:var(--h2_typography-line-height);--awb-caption-title-letter-spacing:var(--h2_typography-letter-spacing);\"><span class=\" fusion-imageframe imageframe-none imageframe-24 hover-type-none\"><a href=\"https:\/\/cedre-et-charme.fr\/wp-content\/uploads\/2022\/03\/Chambres-dhotes-en-Touraine-Cedre-et-Charme-14-Piscine-ouverte-et-transats-min.jpg\" class=\"fusion-lightbox\" data-rel=\"iLightbox[Bezeichnung]\" data-caption=\"C\u00e8dre et Charme - Piscine couverte et transats\" data-title=\"Chambres-dh\u00f4tes-en-Touraine-C\u00e8dre-et-Charme-14-Piscine-ouverte-et-transats&#8211;min\" title=\"Chambres-dh\u00f4tes-en-Touraine-C\u00e8dre-et-Charme-14-Piscine-ouverte-et-transats&#8211;min\"><img decoding=\"async\" width=\"1024\" height=\"768\" alt=\"C\u00e8dre et Charme - Piscine couverte et transats\" src=\"https:\/\/cedre-et-charme.fr\/wp-content\/uploads\/2022\/03\/Chambres-dhotes-en-Touraine-Cedre-et-Charme-14-Piscine-ouverte-et-transats-min.jpg\" class=\"img-responsive wp-image-5392\" srcset=\"https:\/\/cedre-et-charme.fr\/wp-content\/uploads\/2022\/03\/Chambres-dhotes-en-Touraine-Cedre-et-Charme-14-Piscine-ouverte-et-transats-min-200x150.jpg 200w, https:\/\/cedre-et-charme.fr\/wp-content\/uploads\/2022\/03\/Chambres-dhotes-en-Touraine-Cedre-et-Charme-14-Piscine-ouverte-et-transats-min-400x300.jpg 400w, https:\/\/cedre-et-charme.fr\/wp-content\/uploads\/2022\/03\/Chambres-dhotes-en-Touraine-Cedre-et-Charme-14-Piscine-ouverte-et-transats-min-600x450.jpg 600w, https:\/\/cedre-et-charme.fr\/wp-content\/uploads\/2022\/03\/Chambres-dhotes-en-Touraine-Cedre-et-Charme-14-Piscine-ouverte-et-transats-min-800x600.jpg 800w, https:\/\/cedre-et-charme.fr\/wp-content\/uploads\/2022\/03\/Chambres-dhotes-en-Touraine-Cedre-et-Charme-14-Piscine-ouverte-et-transats-min.jpg 1024w\" sizes=\"(max-width: 1024px) 100vw, (max-width: 640px) 100vw, 400px\" \/><\/a><\/span><\/div><div class=\"fusion-text fusion-text-26 legende\" style=\"--awb-text-transform:none;\"><p>G\u00e4stehaus C\u00e8dre et Charme \u2013 Hallenbad und Liegest\u00fchle<\/p>\n<\/div><\/div><\/div><div class=\"fusion-layout-column fusion_builder_column_inner fusion-builder-nested-column-24 fusion_builder_column_inner_1_4 1_4 fusion-flex-column col-tab-image\" style=\"--awb-bg-size:cover;--awb-width-large:25%;--awb-margin-top-large:0px;--awb-spacing-right-large:7.68%;--awb-margin-bottom-large:0px;--awb-spacing-left-large:7.68%;--awb-width-medium:100%;--awb-order-medium:0;--awb-spacing-right-medium:1.92%;--awb-spacing-left-medium:1.92%;--awb-width-small:100%;--awb-order-small:0;--awb-spacing-right-small:1.92%;--awb-spacing-left-small:1.92%;\"><div class=\"fusion-column-wrapper fusion-column-has-shadow fusion-flex-justify-content-flex-start fusion-content-layout-column\"><div class=\"fusion-image-element \" style=\"--awb-caption-title-font-family:var(--h2_typography-font-family);--awb-caption-title-font-weight:var(--h2_typography-font-weight);--awb-caption-title-font-style:var(--h2_typography-font-style);--awb-caption-title-size:var(--h2_typography-font-size);--awb-caption-title-transform:var(--h2_typography-text-transform);--awb-caption-title-line-height:var(--h2_typography-line-height);--awb-caption-title-letter-spacing:var(--h2_typography-letter-spacing);\"><span class=\" fusion-imageframe imageframe-none imageframe-25 hover-type-none\"><a href=\"https:\/\/cedre-et-charme.fr\/wp-content\/uploads\/2019\/04\/Maison-C\u00e8dre-et-Charme-vue-du-parc.jpg\" class=\"fusion-lightbox\" data-rel=\"iLightbox[Bezeichnung]\" data-caption=\"Maison et jardin\" data-title=\"Maison C\u00e8dre et Charme vue du parc\" title=\"Maison C\u00e8dre et Charme vue du parc\"><img decoding=\"async\" width=\"2337\" height=\"1402\" alt=\"Maison et jardin\" src=\"https:\/\/cedre-et-charme.fr\/wp-content\/uploads\/2019\/04\/Maison-C\u00e8dre-et-Charme-vue-du-parc.jpg\" class=\"img-responsive wp-image-5266\" srcset=\"https:\/\/cedre-et-charme.fr\/wp-content\/uploads\/2019\/04\/Maison-C\u00e8dre-et-Charme-vue-du-parc-100x60.jpg 100w, https:\/\/cedre-et-charme.fr\/wp-content\/uploads\/2019\/04\/Maison-C\u00e8dre-et-Charme-vue-du-parc-300x180.jpg 300w, https:\/\/cedre-et-charme.fr\/wp-content\/uploads\/2019\/04\/Maison-C\u00e8dre-et-Charme-vue-du-parc-768x461.jpg 768w, https:\/\/cedre-et-charme.fr\/wp-content\/uploads\/2019\/04\/Maison-C\u00e8dre-et-Charme-vue-du-parc-1024x614.jpg 1024w, https:\/\/cedre-et-charme.fr\/wp-content\/uploads\/2019\/04\/Maison-C\u00e8dre-et-Charme-vue-du-parc.jpg 2337w\" sizes=\"(max-width: 2337px) 100vw, 2337px\" \/><\/a><\/span><\/div><div class=\"fusion-text fusion-text-27 legende\" style=\"--awb-text-transform:none;\"><p>G\u00e4stehaus C\u00e8dre et Charme \u2013 Haus vom Park aus gesehen<\/p>\n<\/div><\/div><\/div><\/div><\/div><\/div><\/div><\/div>\n","protected":false},"excerpt":{"rendered":"","protected":false},"author":3,"featured_media":0,"parent":0,"menu_order":0,"comment_status":"closed","ping_status":"closed","template":"100-width.php","meta":{"footnotes":""},"class_list":["post-5733","page","type-page","status-publish","hentry"],"yoast_head":"<!-- This site is optimized with the Yoast SEO plugin v27.5 - https:\/\/yoast.com\/product\/yoast-seo-wordpress\/ -->\n<title>Fotos und Videos des Ferienhauses C\u00e8dre et Charme - Maison hotes Cedre et Charme<\/title>\n<meta name=\"description\" content=\"Hier ist ein Video und Fotos des unabh\u00e4ngigen Hauses C\u00e8dre et Charme. Um einen sch\u00f6nen \u00dcberblick \u00fcber seine warme Atmosph\u00e4re zu haben.\" \/>\n<meta name=\"robots\" content=\"index, follow, max-snippet:-1, max-image-preview:large, max-video-preview:-1\" \/>\n<link rel=\"canonical\" href=\"https:\/\/cedre-et-charme.fr\/de\/fotos-videos-ferienhaus-zeder-und-charme\/\" \/>\n<meta property=\"og:locale\" content=\"de_DE\" \/>\n<meta property=\"og:type\" content=\"article\" \/>\n<meta property=\"og:title\" content=\"Fotos und Videos des Ferienhauses C\u00e8dre et Charme - Maison hotes Cedre et Charme\" \/>\n<meta property=\"og:description\" content=\"Hier ist ein Video und Fotos des unabh\u00e4ngigen Hauses C\u00e8dre et Charme. Um einen sch\u00f6nen \u00dcberblick \u00fcber seine warme Atmosph\u00e4re zu haben.\" \/>\n<meta property=\"og:url\" content=\"https:\/\/cedre-et-charme.fr\/de\/fotos-videos-ferienhaus-zeder-und-charme\/\" \/>\n<meta property=\"og:site_name\" content=\"Maison hotes Cedre et Charme\" \/>\n<meta property=\"article:publisher\" content=\"https:\/\/www.facebook.com\/cedre.et.charme\/\" \/>\n<meta property=\"article:modified_time\" content=\"2023-11-16T08:57:51+00:00\" \/>\n<script type=\"application\/ld+json\" class=\"yoast-schema-graph\">{\"@context\":\"https:\\\/\\\/schema.org\",\"@graph\":[{\"@type\":\"WebPage\",\"@id\":\"https:\\\/\\\/cedre-et-charme.fr\\\/de\\\/fotos-videos-ferienhaus-zeder-und-charme\\\/\",\"url\":\"https:\\\/\\\/cedre-et-charme.fr\\\/de\\\/fotos-videos-ferienhaus-zeder-und-charme\\\/\",\"name\":\"Fotos und Videos des Ferienhauses C\u00e8dre et Charme - Maison hotes Cedre et Charme\",\"isPartOf\":{\"@id\":\"https:\\\/\\\/cedre-et-charme.fr\\\/de\\\/#website\"},\"datePublished\":\"2019-04-22T19:42:07+00:00\",\"dateModified\":\"2023-11-16T08:57:51+00:00\",\"description\":\"Hier ist ein Video und Fotos des unabh\u00e4ngigen Hauses C\u00e8dre et Charme. Um einen sch\u00f6nen \u00dcberblick \u00fcber seine warme Atmosph\u00e4re zu haben.\",\"breadcrumb\":{\"@id\":\"https:\\\/\\\/cedre-et-charme.fr\\\/de\\\/fotos-videos-ferienhaus-zeder-und-charme\\\/#breadcrumb\"},\"inLanguage\":\"de\",\"potentialAction\":[{\"@type\":\"ReadAction\",\"target\":[\"https:\\\/\\\/cedre-et-charme.fr\\\/de\\\/fotos-videos-ferienhaus-zeder-und-charme\\\/\"]}]},{\"@type\":\"BreadcrumbList\",\"@id\":\"https:\\\/\\\/cedre-et-charme.fr\\\/de\\\/fotos-videos-ferienhaus-zeder-und-charme\\\/#breadcrumb\",\"itemListElement\":[{\"@type\":\"ListItem\",\"position\":1,\"name\":\"Home\",\"item\":\"https:\\\/\\\/cedre-et-charme.fr\\\/de\\\/beispielseite\\\/\"},{\"@type\":\"ListItem\",\"position\":2,\"name\":\"Fotos und Videos des Ferienhauses C\u00e8dre et Charme\"}]},{\"@type\":\"WebSite\",\"@id\":\"https:\\\/\\\/cedre-et-charme.fr\\\/de\\\/#website\",\"url\":\"https:\\\/\\\/cedre-et-charme.fr\\\/de\\\/\",\"name\":\"Maison hotes Cedre et Charme\",\"description\":\"Chambre d&#039;h\u00f4te en Touraine \\\/ Bed &amp; Breakfast in France Center and Loire Valley\",\"potentialAction\":[{\"@type\":\"SearchAction\",\"target\":{\"@type\":\"EntryPoint\",\"urlTemplate\":\"https:\\\/\\\/cedre-et-charme.fr\\\/de\\\/?s={search_term_string}\"},\"query-input\":{\"@type\":\"PropertyValueSpecification\",\"valueRequired\":true,\"valueName\":\"search_term_string\"}}],\"inLanguage\":\"de\"}]}<\/script>\n<!-- \/ Yoast SEO plugin. -->","yoast_head_json":{"title":"Fotos und Videos des Ferienhauses C\u00e8dre et Charme - Maison hotes Cedre et Charme","description":"Hier ist ein Video und Fotos des unabh\u00e4ngigen Hauses C\u00e8dre et Charme. Um einen sch\u00f6nen \u00dcberblick \u00fcber seine warme Atmosph\u00e4re zu haben.","robots":{"index":"index","follow":"follow","max-snippet":"max-snippet:-1","max-image-preview":"max-image-preview:large","max-video-preview":"max-video-preview:-1"},"canonical":"https:\/\/cedre-et-charme.fr\/de\/fotos-videos-ferienhaus-zeder-und-charme\/","og_locale":"de_DE","og_type":"article","og_title":"Fotos und Videos des Ferienhauses C\u00e8dre et Charme - Maison hotes Cedre et Charme","og_description":"Hier ist ein Video und Fotos des unabh\u00e4ngigen Hauses C\u00e8dre et Charme. Um einen sch\u00f6nen \u00dcberblick \u00fcber seine warme Atmosph\u00e4re zu haben.","og_url":"https:\/\/cedre-et-charme.fr\/de\/fotos-videos-ferienhaus-zeder-und-charme\/","og_site_name":"Maison hotes Cedre et Charme","article_publisher":"https:\/\/www.facebook.com\/cedre.et.charme\/","article_modified_time":"2023-11-16T08:57:51+00:00","schema":{"@context":"https:\/\/schema.org","@graph":[{"@type":"WebPage","@id":"https:\/\/cedre-et-charme.fr\/de\/fotos-videos-ferienhaus-zeder-und-charme\/","url":"https:\/\/cedre-et-charme.fr\/de\/fotos-videos-ferienhaus-zeder-und-charme\/","name":"Fotos und Videos des Ferienhauses C\u00e8dre et Charme - Maison hotes Cedre et Charme","isPartOf":{"@id":"https:\/\/cedre-et-charme.fr\/de\/#website"},"datePublished":"2019-04-22T19:42:07+00:00","dateModified":"2023-11-16T08:57:51+00:00","description":"Hier ist ein Video und Fotos des unabh\u00e4ngigen Hauses C\u00e8dre et Charme. Um einen sch\u00f6nen \u00dcberblick \u00fcber seine warme Atmosph\u00e4re zu haben.","breadcrumb":{"@id":"https:\/\/cedre-et-charme.fr\/de\/fotos-videos-ferienhaus-zeder-und-charme\/#breadcrumb"},"inLanguage":"de","potentialAction":[{"@type":"ReadAction","target":["https:\/\/cedre-et-charme.fr\/de\/fotos-videos-ferienhaus-zeder-und-charme\/"]}]},{"@type":"BreadcrumbList","@id":"https:\/\/cedre-et-charme.fr\/de\/fotos-videos-ferienhaus-zeder-und-charme\/#breadcrumb","itemListElement":[{"@type":"ListItem","position":1,"name":"Home","item":"https:\/\/cedre-et-charme.fr\/de\/beispielseite\/"},{"@type":"ListItem","position":2,"name":"Fotos und Videos des Ferienhauses C\u00e8dre et Charme"}]},{"@type":"WebSite","@id":"https:\/\/cedre-et-charme.fr\/de\/#website","url":"https:\/\/cedre-et-charme.fr\/de\/","name":"Maison hotes Cedre et Charme","description":"Chambre d&#039;h\u00f4te en Touraine \/ Bed &amp; Breakfast in France Center and Loire Valley","potentialAction":[{"@type":"SearchAction","target":{"@type":"EntryPoint","urlTemplate":"https:\/\/cedre-et-charme.fr\/de\/?s={search_term_string}"},"query-input":{"@type":"PropertyValueSpecification","valueRequired":true,"valueName":"search_term_string"}}],"inLanguage":"de"}]}},"_links":{"self":[{"href":"https:\/\/cedre-et-charme.fr\/de\/wp-json\/wp\/v2\/pages\/5733","targetHints":{"allow":["GET"]}}],"collection":[{"href":"https:\/\/cedre-et-charme.fr\/de\/wp-json\/wp\/v2\/pages"}],"about":[{"href":"https:\/\/cedre-et-charme.fr\/de\/wp-json\/wp\/v2\/types\/page"}],"author":[{"embeddable":true,"href":"https:\/\/cedre-et-charme.fr\/de\/wp-json\/wp\/v2\/users\/3"}],"replies":[{"embeddable":true,"href":"https:\/\/cedre-et-charme.fr\/de\/wp-json\/wp\/v2\/comments?post=5733"}],"version-history":[{"count":5,"href":"https:\/\/cedre-et-charme.fr\/de\/wp-json\/wp\/v2\/pages\/5733\/revisions"}],"predecessor-version":[{"id":7947,"href":"https:\/\/cedre-et-charme.fr\/de\/wp-json\/wp\/v2\/pages\/5733\/revisions\/7947"}],"wp:attachment":[{"href":"https:\/\/cedre-et-charme.fr\/de\/wp-json\/wp\/v2\/media?parent=5733"}],"curies":[{"name":"wp","href":"https:\/\/api.w.org\/{rel}","templated":true}]}}